{"id":492,"date":"2020-06-12T06:47:44","date_gmt":"2020-06-12T06:47:44","guid":{"rendered":"https:\/\/www.gima-ziegel.de\/?post_type=produkte&#038;p=492"},"modified":"2025-02-26T09:36:53","modified_gmt":"2025-02-26T08:36:53","slug":"klinker-nf-df","status":"publish","type":"produkte","link":"https:\/\/www.gima-ziegel.de\/de\/produkte\/klinker-nf-df\/","title":{"rendered":"Klinker NF &#038; DF"},"content":{"rendered":"<div class=\"wpb-content-wrapper\"><p>[vc_section el_class=&#8220;gima-produkt-scroll&#8220;][vc_row content_placement=&#8220;middle&#8220;][vc_column width=&#8220;6\/12&#8243;]\n    <div class=\"heading heading-widget\">\n        <p class=\"pre-headline\"><\/p>\n\t\t            <h1>Der NF Klinker<\/h1>\n\t\t    <\/div>\n\n\n\t[vc_column_text]Klinker im sogenannten Normalformat (NF) haben stets die Ma\u00dfe 240 x 115 x 71 mm, im D\u00fcnnformat (DF) 240 x 115 x 52 mm. Als normgerechter Ziegelbaustoff nach DIN EN 771-1, dessen Werte GIMA-Klinker in der Regel weit \u00fcbertreffen, sind alle Klinker absolut frostbest\u00e4ndig und frei von sch\u00e4dlichen oder ausbl\u00fchf\u00e4higen Substanzen.<\/p>\n<p>Wir produzieren Vollklinker (KMz) mit einer Ziegelrohdichte von mindestens 1,8 kg\/dm\u00b3 und einem Lochanteil kleiner gleich 15% sowie Hochlochklinker (KHLz) mit einem Lochanteil\u00a0 gr\u00f6\u00dfer gleich 15 % bei einer Ziegelrohdichte von 1,6 oder 1,8 kg\/dm\u00b3.[\/vc_column_text][\/vc_column][vc_column width=&#8220;1\/12&#8243;][\/vc_column][vc_column width=&#8220;5\/12&#8243;][vc_single_image image=&#8220;1173&#8243; img_size=&#8220;full&#8220;][\/vc_column][\/vc_row][vc_row][vc_column]\n    <div class=\"spacer small\"><\/div>\n\n\n    \n    <div class=\"bld-position\" style=\"text-align: left\">\n\t\t\n    <a class=\"bld-btn\"        href=\"\/de\/produkte\/klinker-nf-df\/#formate\">+ Formate<\/a>\n\n\t\n    <a class=\"bld-btn\"        href=\"\/de\/produkte\/klinker-nf-df\/#farbvielfalt\">+ Farbvielfalt<\/a>\n\n\t\n    <a class=\"bld-btn\"        href=\"\/de\/produkte\/klinker-nf-df\/#referenzen\">+ Referenzen<\/a>\n\n\t\n    <a class=\"bld-btn\"        href=\"\/de\/produkte\/klinker-nf-df\/#technischedaten\">+ Technische Daten<\/a>\n\n\t\n    <a class=\"bld-btn\" target=\"_blank\"        href=\"https:\/\/www.gima-ziegel.de\/wp-content\/uploads\/GIMA_NF-DF-Klinker.pdf\">+ Produktfolder NF\/DF Klinker<\/a>\n\n\t    <\/div>\n\n\t[\/vc_column][\/vc_row][\/vc_section][vc_section full_width=&#8220;stretch_row&#8220; el_id=&#8220;formate&#8220;][vc_row][vc_column]\n    <div class=\"heading heading-widget\">\n        <p class=\"pre-headline\">H\u00e4ufig eingesetzte<\/p>\n\t\t            <h1>Formate<\/h1>\n\t\t    <\/div>\n\n\n\t[vc_column_text]<span>Hier sehen Sie eine \u00dcbersicht zu g\u00e4ngigen Formaten f\u00fcr Klinker NF &amp; DF sowie das entsprechende Gewicht und den ungef\u00e4hren Bedarf pro Quadratmeter.<\/span>[\/vc_column_text]\n    <div class=\"spacer small\"><\/div>\n\n\n    [vc_column_text]\n<table id=\"tablepress-2\" class=\"tablepress tablepress-id-2\">\n<tbody>\n<tr class=\"row-1\">\n\t<td class=\"column-1\"><strong>Klinker NF &amp; DF <br \/>\nFormat in mm <\/strong><\/td><td class=\"column-2\"><strong> ca. Bedarf pro m\u00b2<\/strong><\/td><td class=\"column-3\"><strong> Gewicht in<br \/>\nkg\/St\u00fcck<\/strong><\/td>\n<\/tr>\n<tr class=\"row-2\">\n\t<td class=\"column-1\">240\/115\/52<\/td><td class=\"column-2\">66<\/td><td class=\"column-3\">2,5<\/td>\n<\/tr>\n<tr class=\"row-3\">\n\t<td class=\"column-1\">240\/115\/71<\/td><td class=\"column-2\">50<\/td><td class=\"column-3\">3,65<\/td>\n<\/tr>\n<tr class=\"row-4\">\n\t<td class=\"column-1\">240\/115\/113<\/td><td class=\"column-2\">33<\/td><td class=\"column-3\">5,5<\/td>\n<\/tr>\n<tr class=\"row-5\">\n\t<td class=\"column-1\">240\/175\/113<\/td><td class=\"column-2\">33<\/td><td class=\"column-3\">8,5<\/td>\n<\/tr>\n<\/tbody>\n<\/table>\n<!-- #tablepress-2 from cache -->[\/vc_column_text][vc_column_text el_class=&#8220;table-scroll-info&#8220;]<\/p>\n<p style=\"text-align: center;\"><strong>F\u00fcr mehr Information nach rechts scrollen &gt;<\/strong><\/p>\n<p>[\/vc_column_text]\n    <div class=\"spacer small\"><\/div>\n\n\n    [vc_column_text]<span>Objektbezogen produzieren wir jegliche Sonderform exakt nach den W\u00fcnschen des Planers. Entdecken Sie unsere Produkt\u00fcbersicht f\u00fcr die Fassade mit vielen weiteren Einsatzm\u00f6glichkeiten des klassischen Klinkers.\u00a0<\/span>[\/vc_column_text]\n    <div class=\"spacer small\"><\/div>\n\n\n    \n    <div class=\"bld-position\" style=\"text-align: left\">\n        <a class=\"bld-btn\"            href=\"\/fassade\/#produktsortiment\">+ Produkt\u00fcbersicht Fassade<\/a>\n    <\/div>\n\n\n\t[\/vc_column][\/vc_row][\/vc_section][vc_section full_width=&#8220;stretch_row&#8220; el_id=&#8220;farbvielfalt&#8220;][vc_row full_width=&#8220;stretch_row_content_no_spaces&#8220;][vc_column]\n    <div class=\"vc-farbvielfalt-wrapper\">\n        <div class=\"preview-text-wrapper\">\n            <div class=\"preview-slider\">\n                                    <div class=\"farbe\">\n                        <img loading=\"lazy\" decoding=\"async\" width=\"1000\" height=\"650\" src=\"https:\/\/www.gima-ziegel.de\/wp-content\/uploads\/r_Breno-FKS_Zuschnitt_Toni-Ott-1000x650.jpg\" class=\"attachment-bold-farbe-big size-bold-farbe-big\" alt=\"r_Breno-FKS_Zuschnitt_Toni-Ott\" \/>                    <\/div>\n                                    <div class=\"farbe\">\n                        <img loading=\"lazy\" decoding=\"async\" width=\"1000\" height=\"650\" src=\"https:\/\/www.gima-ziegel.de\/wp-content\/uploads\/g_Paese-RF_Zuschnitt_Toni-Ott-1000x650.jpg\" class=\"attachment-bold-farbe-big size-bold-farbe-big\" alt=\"g_Paese-RF_Zuschnitt_Toni-Ott\" \/>                    <\/div>\n                                    <div class=\"farbe\">\n                        <img loading=\"lazy\" decoding=\"async\" width=\"1000\" height=\"650\" src=\"https:\/\/www.gima-ziegel.de\/wp-content\/uploads\/g_Pisa_FK50fua_glatt_Zuschnitt_Toni-Ott-1000x650.jpg\" class=\"attachment-bold-farbe-big size-bold-farbe-big\" alt=\"g_Pisa_FK50fua_glatt_Zuschnitt_Toni-Ott\" \/>                    <\/div>\n                                    <div class=\"farbe\">\n                        <img loading=\"lazy\" decoding=\"async\" width=\"1000\" height=\"650\" src=\"https:\/\/www.gima-ziegel.de\/wp-content\/uploads\/s_Feletto-NF_Zuschnitt_Toni-Ott-1000x650.jpg\" class=\"attachment-bold-farbe-big size-bold-farbe-big\" alt=\"s_Feletto-NF_Zuschnitt_Toni-Ott\" \/>                    <\/div>\n                                    <div class=\"farbe\">\n                        <img loading=\"lazy\" decoding=\"async\" width=\"1100\" height=\"650\" src=\"https:\/\/www.gima-ziegel.de\/wp-content\/uploads\/Fire-glazed_Portland_Web-Dunkel-31456_Alexander-Bernhard-1100x650.jpg\" class=\"attachment-bold-farbe-big size-bold-farbe-big\" alt=\"\" \/>                    <\/div>\n                            <\/div>\n            <div class=\"content-wrapper\">\n                <div class=\"container\">\n                    <div class=\"content\">\n                        <div class=\"heading\">\n                            <p class=\"pre-headline\">Grenzenlose Farbvielfalt<\/p>\n                                                            <h1>Klinker NF &amp; DF<\/h1>\n                                                    <\/div>\n                        <div class=\"bold-text\">\n                            <p>Alle Klinkerprodukte k\u00f6nnen wir in Ihrer Wunschfarbe und Ihrem Wunschformat produzieren. Hier sehen Sie eine kleine Auswahl an NF-Klinkern in verschiedenen Farbvarianten.<\/p>\n                        <\/div>\n                        <div class=\"text\">\n                            <p>Wir fertigen im Fassadenbereich ausschlie\u00dflich projektbezogen und stimmen daher mit Ihnen die Farbe pers\u00f6nlich solange ab, bis Ihre Vorstellung exakt getroffen ist. Lassen Sie sich inspirieren und entdecken Sie in unserer Farb\u00fcbersicht eine Auswahl bisher produzierter Farben. Bestellen Sie ganz einfach ein Muster Ihrer Favoriten oder downloaden Sie unsere Texturen f\u00fcr Renderings.<\/p>\n                        <\/div>\n                        <a class=\"bld-btn\" href=\"https:\/\/www.gima-ziegel.de\/de\/musterbestellung\/?produktkategorie=klinker-fassade#farblisting\">+ Farb\u00fcbersicht Fassade<\/a>\n                        <a class=\"bld-btn\" href=\"https:\/\/www.gima-ziegel.de\/de\/projektberatung\/#entwicklungindivduell\">+ Farblabor<\/a>\n                    <\/div>\n                    <div class=\"clearfix\"><\/div>\n                <\/div>\n            <\/div>\n        <\/div>\n        <div class=\"farben-slider-wrapper\">\n            <div class=\"container\">\n                <div class=\"farben-slider\">\n                                            <div class=\"farbe\">\n                            <img loading=\"lazy\" decoding=\"async\" width=\"300\" height=\"300\" src=\"https:\/\/www.gima-ziegel.de\/wp-content\/uploads\/r_Breno-FKS_Zuschnitt_Toni-Ott-300x300.jpg\" class=\"attachment-bold-farbe-small size-bold-farbe-small\" alt=\"r_Breno-FKS_Zuschnitt_Toni-Ott\" srcset=\"https:\/\/www.gima-ziegel.de\/wp-content\/uploads\/r_Breno-FKS_Zuschnitt_Toni-Ott-300x300.jpg 300w, https:\/\/www.gima-ziegel.de\/wp-content\/uploads\/r_Breno-FKS_Zuschnitt_Toni-Ott-150x150.jpg 150w, https:\/\/www.gima-ziegel.de\/wp-content\/uploads\/r_Breno-FKS_Zuschnitt_Toni-Ott-480x480.jpg 480w, https:\/\/www.gima-ziegel.de\/wp-content\/uploads\/r_Breno-FKS_Zuschnitt_Toni-Ott-310x310.jpg 310w\" sizes=\"auto, (max-width: 300px) 100vw, 300px\" \/>                            <div class=\"hover-wrapper\">\n                                <div class=\"link\">\n                                    <div class=\"link-icon\"\n                                         style=\"background-image: url('\/wp-content\/themes\/gima\/includes\/images\/info.svg');\"><\/div>\n                                <\/div>\n                                <div class=\"title\">\n                                    Breno FKS                                <\/div>\n                            <\/div>\n                        <\/div>\n                                            <div class=\"farbe\">\n                            <img loading=\"lazy\" decoding=\"async\" width=\"300\" height=\"300\" src=\"https:\/\/www.gima-ziegel.de\/wp-content\/uploads\/g_Paese-RF_Zuschnitt_Toni-Ott-300x300.jpg\" class=\"attachment-bold-farbe-small size-bold-farbe-small\" alt=\"g_Paese-RF_Zuschnitt_Toni-Ott\" srcset=\"https:\/\/www.gima-ziegel.de\/wp-content\/uploads\/g_Paese-RF_Zuschnitt_Toni-Ott-300x300.jpg 300w, https:\/\/www.gima-ziegel.de\/wp-content\/uploads\/g_Paese-RF_Zuschnitt_Toni-Ott-150x150.jpg 150w, https:\/\/www.gima-ziegel.de\/wp-content\/uploads\/g_Paese-RF_Zuschnitt_Toni-Ott-480x480.jpg 480w, https:\/\/www.gima-ziegel.de\/wp-content\/uploads\/g_Paese-RF_Zuschnitt_Toni-Ott-310x310.jpg 310w\" sizes=\"auto, (max-width: 300px) 100vw, 300px\" \/>                            <div class=\"hover-wrapper\">\n                                <div class=\"link\">\n                                    <div class=\"link-icon\"\n                                         style=\"background-image: url('\/wp-content\/themes\/gima\/includes\/images\/info.svg');\"><\/div>\n                                <\/div>\n                                <div class=\"title\">\n                                    Paese                                <\/div>\n                            <\/div>\n                        <\/div>\n                                            <div class=\"farbe\">\n                            <img loading=\"lazy\" decoding=\"async\" width=\"300\" height=\"300\" src=\"https:\/\/www.gima-ziegel.de\/wp-content\/uploads\/g_Pisa_FK50fua_glatt_Zuschnitt_Toni-Ott-300x300.jpg\" class=\"attachment-bold-farbe-small size-bold-farbe-small\" alt=\"g_Pisa_FK50fua_glatt_Zuschnitt_Toni-Ott\" srcset=\"https:\/\/www.gima-ziegel.de\/wp-content\/uploads\/g_Pisa_FK50fua_glatt_Zuschnitt_Toni-Ott-300x300.jpg 300w, https:\/\/www.gima-ziegel.de\/wp-content\/uploads\/g_Pisa_FK50fua_glatt_Zuschnitt_Toni-Ott-150x150.jpg 150w, https:\/\/www.gima-ziegel.de\/wp-content\/uploads\/g_Pisa_FK50fua_glatt_Zuschnitt_Toni-Ott-480x480.jpg 480w, https:\/\/www.gima-ziegel.de\/wp-content\/uploads\/g_Pisa_FK50fua_glatt_Zuschnitt_Toni-Ott-310x310.jpg 310w\" sizes=\"auto, (max-width: 300px) 100vw, 300px\" \/>                            <div class=\"hover-wrapper\">\n                                <div class=\"link\">\n                                    <div class=\"link-icon\"\n                                         style=\"background-image: url('\/wp-content\/themes\/gima\/includes\/images\/info.svg');\"><\/div>\n                                <\/div>\n                                <div class=\"title\">\n                                    Pisa FK                                <\/div>\n                            <\/div>\n                        <\/div>\n                                            <div class=\"farbe\">\n                            <img loading=\"lazy\" decoding=\"async\" width=\"300\" height=\"300\" src=\"https:\/\/www.gima-ziegel.de\/wp-content\/uploads\/s_Feletto-NF_Zuschnitt_Toni-Ott-300x300.jpg\" class=\"attachment-bold-farbe-small size-bold-farbe-small\" alt=\"s_Feletto-NF_Zuschnitt_Toni-Ott\" srcset=\"https:\/\/www.gima-ziegel.de\/wp-content\/uploads\/s_Feletto-NF_Zuschnitt_Toni-Ott-300x300.jpg 300w, https:\/\/www.gima-ziegel.de\/wp-content\/uploads\/s_Feletto-NF_Zuschnitt_Toni-Ott-150x150.jpg 150w, https:\/\/www.gima-ziegel.de\/wp-content\/uploads\/s_Feletto-NF_Zuschnitt_Toni-Ott-480x480.jpg 480w, https:\/\/www.gima-ziegel.de\/wp-content\/uploads\/s_Feletto-NF_Zuschnitt_Toni-Ott-310x310.jpg 310w\" sizes=\"auto, (max-width: 300px) 100vw, 300px\" \/>                            <div class=\"hover-wrapper\">\n                                <div class=\"link\">\n                                    <div class=\"link-icon\"\n                                         style=\"background-image: url('\/wp-content\/themes\/gima\/includes\/images\/info.svg');\"><\/div>\n                                <\/div>\n                                <div class=\"title\">\n                                    Feletto                                <\/div>\n                            <\/div>\n                        <\/div>\n                                            <div class=\"farbe\">\n                            <img loading=\"lazy\" decoding=\"async\" width=\"300\" height=\"300\" src=\"https:\/\/www.gima-ziegel.de\/wp-content\/uploads\/Fire-glazed_Portland_Web-Dunkel-31456_Alexander-Bernhard-300x300.jpg\" class=\"attachment-bold-farbe-small size-bold-farbe-small\" alt=\"\" srcset=\"https:\/\/www.gima-ziegel.de\/wp-content\/uploads\/Fire-glazed_Portland_Web-Dunkel-31456_Alexander-Bernhard-300x300.jpg 300w, https:\/\/www.gima-ziegel.de\/wp-content\/uploads\/Fire-glazed_Portland_Web-Dunkel-31456_Alexander-Bernhard-150x150.jpg 150w, https:\/\/www.gima-ziegel.de\/wp-content\/uploads\/Fire-glazed_Portland_Web-Dunkel-31456_Alexander-Bernhard-480x480.jpg 480w, https:\/\/www.gima-ziegel.de\/wp-content\/uploads\/Fire-glazed_Portland_Web-Dunkel-31456_Alexander-Bernhard-310x310.jpg 310w\" sizes=\"auto, (max-width: 300px) 100vw, 300px\" \/>                            <div class=\"hover-wrapper\">\n                                <div class=\"link\">\n                                    <div class=\"link-icon\"\n                                         style=\"background-image: url('\/wp-content\/themes\/gima\/includes\/images\/info.svg');\"><\/div>\n                                <\/div>\n                                <div class=\"title\">\n                                    Fire Glazed Portland                                <\/div>\n                            <\/div>\n                        <\/div>\n                                    <\/div>\n                <div class=\"arrows-farben-slider\">\n                    <button class=\"prev slick-arrow\"><\/button>\n                    <button class=\"next slick-arrow\"><\/button>\n                <\/div>\n            <\/div>\n        <\/div>\n    <\/div>\n            <script>\n            jQuery(document).ready(function ($) {\n\n                $('.preview-slider').slick({\n                    slidesToShow: 1,\n                    slidesToScroll: 1,\n                    arrows: false,\n                    fade: true,\n                    asNavFor: '.farben-slider'\n                });\n                $('.farben-slider').slick({\n                    slidesToShow: 4,\n                    slidesToScroll: 1,\n                    asNavFor: '.preview-slider',\n                    dots: false,\n                    centerMode: false,\n                    focusOnSelect: true,\n                    arrows: true,\n                    prevArrow: $('.arrows-farben-slider .prev'),\n                    nextArrow: $('.arrows-farben-slider .next'),\n                    responsive: [\n                        {\n                            breakpoint: 1300,\n                            settings: {\n                                slidesToShow: 3,\n                                slidesToScroll: 1,\n                                centerMode: false\n                            },\n                        },\n                        {\n                            breakpoint: 980,\n                            settings: {\n                                slidesToShow: 2,\n                                slidesToScroll: 1,\n                                centerMode: false\n                            },\n                        },\n                        {\n                            breakpoint: 650,\n                            settings: {\n                                slidesToShow: 1,\n                                slidesToScroll: 1,\n                                centerMode: false\n                            },\n                        }\n                    ]\n                });\n\n            });\n        <\/script>\n    \n    \n    <div class=\"spacer small\"><\/div>\n\n\n    [\/vc_column][\/vc_row][\/vc_section][vc_row el_id=&#8220;referenzen&#8220;][vc_column]\n    <div class=\"heading heading-widget\">\n        <p class=\"pre-headline\">NF\/DF-Klinker<\/p>\n\t\t            <h1>Referenzen<\/h1>\n\t\t    <\/div>\n\n\n\t\n    <div class=\"spacer small\"><\/div>\n\n\n    \n    <div class=\"referenzen-grid\">\n                        <div class=\"row-1\">\n            \n            <div class=\"referenz-item nth-child-1\">\n                <a href=\"https:\/\/www.gima-ziegel.de\/de\/referenzen\/walther-meissner-bau-der-ptb-berlin\/\">\n                    <div class=\"image\">\n                        <img loading=\"lazy\" decoding=\"async\" width=\"1300\" height=\"700\" src=\"https:\/\/www.gima-ziegel.de\/wp-content\/uploads\/1_Berlin_Walther-Meissner-Bau_WMB_MWB_8175_KoyWinkel.jpg\" class=\"attachment-full size-full\" alt=\"\" srcset=\"https:\/\/www.gima-ziegel.de\/wp-content\/uploads\/1_Berlin_Walther-Meissner-Bau_WMB_MWB_8175_KoyWinkel.jpg 1300w, https:\/\/www.gima-ziegel.de\/wp-content\/uploads\/1_Berlin_Walther-Meissner-Bau_WMB_MWB_8175_KoyWinkel-300x162.jpg 300w, https:\/\/www.gima-ziegel.de\/wp-content\/uploads\/1_Berlin_Walther-Meissner-Bau_WMB_MWB_8175_KoyWinkel-1024x551.jpg 1024w, https:\/\/www.gima-ziegel.de\/wp-content\/uploads\/1_Berlin_Walther-Meissner-Bau_WMB_MWB_8175_KoyWinkel-768x414.jpg 768w\" sizes=\"auto, (max-width: 1300px) 100vw, 1300px\" \/>                        <div class=\"image-copyright\">Koy+Winkel<\/div>\n                    <\/div>\n                    <div class=\"info-wrapper\">\n                        <div class=\"info\">\n                            <div class=\"link-icon\" style=\"background-image: url('\/wp-content\/themes\/gima\/includes\/images\/link-white.svg')\"><\/div>\n                            <div class=\"title\">Walther-Meissner-Bau der PTB Berlin, Berlin<\/div>\n                            <div class=\"architect\"> Rohdecan Architekten GmbH, Dresden<\/div>\n                        <\/div>\n                    <\/div>\n                <\/a>\n            <\/div>\n\n                            <div class=\"item-2\">\n            \n            <div class=\"referenz-item nth-child-2\">\n                <a href=\"https:\/\/www.gima-ziegel.de\/de\/referenzen\/stadtarchiv\/\">\n                    <div class=\"image\">\n                        <img loading=\"lazy\" decoding=\"async\" width=\"1300\" height=\"700\" src=\"https:\/\/www.gima-ziegel.de\/wp-content\/uploads\/Balingen_Stadtarchiv_Druck5-CF046114_Alexander-Bernhard_lr.jpg\" class=\"attachment-full size-full\" alt=\"\" srcset=\"https:\/\/www.gima-ziegel.de\/wp-content\/uploads\/Balingen_Stadtarchiv_Druck5-CF046114_Alexander-Bernhard_lr.jpg 1300w, https:\/\/www.gima-ziegel.de\/wp-content\/uploads\/Balingen_Stadtarchiv_Druck5-CF046114_Alexander-Bernhard_lr-300x162.jpg 300w, https:\/\/www.gima-ziegel.de\/wp-content\/uploads\/Balingen_Stadtarchiv_Druck5-CF046114_Alexander-Bernhard_lr-1024x551.jpg 1024w, https:\/\/www.gima-ziegel.de\/wp-content\/uploads\/Balingen_Stadtarchiv_Druck5-CF046114_Alexander-Bernhard_lr-768x414.jpg 768w\" sizes=\"auto, (max-width: 1300px) 100vw, 1300px\" \/>                        <div class=\"image-copyright\">Alexander Bernhard<\/div>\n                    <\/div>\n                    <div class=\"info-wrapper\">\n                        <div class=\"info\">\n                            <div class=\"link-icon\" style=\"background-image: url('\/wp-content\/themes\/gima\/includes\/images\/link-white.svg')\"><\/div>\n                            <div class=\"title\">Stadtarchiv, Balingen<\/div>\n                            <div class=\"architect\"> Amt f\u00fcr Hochbau und Geb\u00e4udewirtschaft, Balingen<\/div>\n                        <\/div>\n                    <\/div>\n                <\/a>\n            <\/div>\n\n            \n            <div class=\"referenz-item nth-child-3\">\n                <a href=\"https:\/\/www.gima-ziegel.de\/de\/referenzen\/die-macherei-m6\/\">\n                    <div class=\"image\">\n                        <img loading=\"lazy\" decoding=\"async\" width=\"1300\" height=\"701\" src=\"https:\/\/www.gima-ziegel.de\/wp-content\/uploads\/Muenchen_Macherei_Web-CF032777_Alexander-Bernhard.jpg\" class=\"attachment-full size-full\" alt=\"\" srcset=\"https:\/\/www.gima-ziegel.de\/wp-content\/uploads\/Muenchen_Macherei_Web-CF032777_Alexander-Bernhard.jpg 1300w, https:\/\/www.gima-ziegel.de\/wp-content\/uploads\/Muenchen_Macherei_Web-CF032777_Alexander-Bernhard-300x162.jpg 300w, https:\/\/www.gima-ziegel.de\/wp-content\/uploads\/Muenchen_Macherei_Web-CF032777_Alexander-Bernhard-1024x552.jpg 1024w, https:\/\/www.gima-ziegel.de\/wp-content\/uploads\/Muenchen_Macherei_Web-CF032777_Alexander-Bernhard-768x414.jpg 768w\" sizes=\"auto, (max-width: 1300px) 100vw, 1300px\" \/>                        <div class=\"image-copyright\">Alexander Bernhard<\/div>\n                    <\/div>\n                    <div class=\"info-wrapper\">\n                        <div class=\"info\">\n                            <div class=\"link-icon\" style=\"background-image: url('\/wp-content\/themes\/gima\/includes\/images\/link-white.svg')\"><\/div>\n                            <div class=\"title\">Die Macherei M6, M\u00fcnchen<\/div>\n                            <div class=\"architect\"> OSA Ochs Schmidhuber Architekten GmbH, M\u00fcnchen<\/div>\n                        <\/div>\n                    <\/div>\n                <\/a>\n            <\/div>\n\n                                <\/div>\n                <\/div>\n                            <div class=\"row-2\">\n                    <div class=\"item-2\">\n            \n            <div class=\"referenz-item nth-child-4\">\n                <a href=\"https:\/\/www.gima-ziegel.de\/de\/referenzen\/feuer-und-rettungswache\/\">\n                    <div class=\"image\">\n                        <img loading=\"lazy\" decoding=\"async\" width=\"1300\" height=\"700\" src=\"https:\/\/www.gima-ziegel.de\/wp-content\/uploads\/Wiesbaden-Igstadt-01_Peter-Strobel_BayerStrobel-Architekten.jpg\" class=\"attachment-full size-full\" alt=\"\" srcset=\"https:\/\/www.gima-ziegel.de\/wp-content\/uploads\/Wiesbaden-Igstadt-01_Peter-Strobel_BayerStrobel-Architekten.jpg 1300w, https:\/\/www.gima-ziegel.de\/wp-content\/uploads\/Wiesbaden-Igstadt-01_Peter-Strobel_BayerStrobel-Architekten-300x162.jpg 300w, https:\/\/www.gima-ziegel.de\/wp-content\/uploads\/Wiesbaden-Igstadt-01_Peter-Strobel_BayerStrobel-Architekten-1024x551.jpg 1024w, https:\/\/www.gima-ziegel.de\/wp-content\/uploads\/Wiesbaden-Igstadt-01_Peter-Strobel_BayerStrobel-Architekten-768x414.jpg 768w\" sizes=\"auto, (max-width: 1300px) 100vw, 1300px\" \/>                        <div class=\"image-copyright\">Peter Strobel, Bayer & Strobel Architekten<\/div>\n                    <\/div>\n                    <div class=\"info-wrapper\">\n                        <div class=\"info\">\n                            <div class=\"link-icon\" style=\"background-image: url('\/wp-content\/themes\/gima\/includes\/images\/link-white.svg')\"><\/div>\n                            <div class=\"title\">Feuer- und Rettungswache, Wiesbaden-Igstadt<\/div>\n                            <div class=\"architect\"> Bayer & Strobel Architekten, Kaiserslautern<\/div>\n                        <\/div>\n                    <\/div>\n                <\/a>\n            <\/div>\n\n            \n            <div class=\"referenz-item nth-child-5\">\n                <a href=\"https:\/\/www.gima-ziegel.de\/de\/referenzen\/erweiterungsbau-finanzamt\/\">\n                    <div class=\"image\">\n                        <img loading=\"lazy\" decoding=\"async\" width=\"1300\" height=\"700\" src=\"https:\/\/www.gima-ziegel.de\/wp-content\/uploads\/Zwickau_Finanzamt_Erweiterung_Teil1_2_Michael-Moser-Images.jpg\" class=\"attachment-full size-full\" alt=\"\" srcset=\"https:\/\/www.gima-ziegel.de\/wp-content\/uploads\/Zwickau_Finanzamt_Erweiterung_Teil1_2_Michael-Moser-Images.jpg 1300w, https:\/\/www.gima-ziegel.de\/wp-content\/uploads\/Zwickau_Finanzamt_Erweiterung_Teil1_2_Michael-Moser-Images-300x162.jpg 300w, https:\/\/www.gima-ziegel.de\/wp-content\/uploads\/Zwickau_Finanzamt_Erweiterung_Teil1_2_Michael-Moser-Images-1024x551.jpg 1024w, https:\/\/www.gima-ziegel.de\/wp-content\/uploads\/Zwickau_Finanzamt_Erweiterung_Teil1_2_Michael-Moser-Images-768x414.jpg 768w\" sizes=\"auto, (max-width: 1300px) 100vw, 1300px\" \/>                        <div class=\"image-copyright\">Michael Moser Images<\/div>\n                    <\/div>\n                    <div class=\"info-wrapper\">\n                        <div class=\"info\">\n                            <div class=\"link-icon\" style=\"background-image: url('\/wp-content\/themes\/gima\/includes\/images\/link-white.svg')\"><\/div>\n                            <div class=\"title\">Erweiterungsbau Finanzamt, Zwickau<\/div>\n                            <div class=\"architect\"> Knoche Architekten, Leipzig<\/div>\n                        <\/div>\n                    <\/div>\n                <\/a>\n            <\/div>\n\n                            <\/div>\n            \n            <div class=\"referenz-item nth-child-6\">\n                <a href=\"https:\/\/www.gima-ziegel.de\/de\/referenzen\/sporthalle-mit-kulturforum\/\">\n                    <div class=\"image\">\n                        <img loading=\"lazy\" decoding=\"async\" width=\"1290\" height=\"710\" src=\"https:\/\/www.gima-ziegel.de\/wp-content\/uploads\/0068_Hamburg_Bergedorf_Sporthalle_PR_Ralf-Buscher-002_web.jpg\" class=\"attachment-full size-full\" alt=\"\" srcset=\"https:\/\/www.gima-ziegel.de\/wp-content\/uploads\/0068_Hamburg_Bergedorf_Sporthalle_PR_Ralf-Buscher-002_web.jpg 1290w, https:\/\/www.gima-ziegel.de\/wp-content\/uploads\/0068_Hamburg_Bergedorf_Sporthalle_PR_Ralf-Buscher-002_web-300x165.jpg 300w, https:\/\/www.gima-ziegel.de\/wp-content\/uploads\/0068_Hamburg_Bergedorf_Sporthalle_PR_Ralf-Buscher-002_web-1024x564.jpg 1024w, https:\/\/www.gima-ziegel.de\/wp-content\/uploads\/0068_Hamburg_Bergedorf_Sporthalle_PR_Ralf-Buscher-002_web-768x423.jpg 768w\" sizes=\"auto, (max-width: 1290px) 100vw, 1290px\" \/>                        <div class=\"image-copyright\">Ralf Buscher I www.ralfbuscher.de<\/div>\n                    <\/div>\n                    <div class=\"info-wrapper\">\n                        <div class=\"info\">\n                            <div class=\"link-icon\" style=\"background-image: url('\/wp-content\/themes\/gima\/includes\/images\/link-white.svg')\"><\/div>\n                            <div class=\"title\">Sporthalle mit Kulturforum, Hamburg-Bergedorf<\/div>\n                            <div class=\"architect\"> BKS Architekten GmbH, Hamburg<\/div>\n                        <\/div>\n                    <\/div>\n                <\/a>\n            <\/div>\n\n                            <\/div>\n                <\/div>\n\n    \n    <div class=\"spacer small\"><\/div>\n\n\n    [\/vc_column][\/vc_row][vc_row][vc_column][vc_column_text el_class=&#8220;big-text bold-text&#8220;]<\/p>\n<p style=\"text-align: center;\">Machen Sie sich ein Bild von unseren Produkten am fertigen Objekt<br \/>\nund entdecken Sie beeindruckende Referenzen mit Ziegelfassaden.<\/p>\n<p>[\/vc_column_text]\n    <div class=\"spacer medium\"><\/div>\n\n\n    \n    <div class=\"bld-position\" style=\"text-align: center\">\n        <a class=\"bld-btn\"            href=\"\/referenzen\">+ Alle Referenzen<\/a>\n    <\/div>\n\n\n\t\n    <div class=\"spacer big\"><\/div>\n\n\n    [\/vc_column][\/vc_row][vc_row el_id=&#8220;technischedaten&#8220;][vc_column]\n    <div class=\"heading heading-widget\">\n        <p class=\"pre-headline\">Relevante<\/p>\n\t\t            <h2>Technische Daten<\/h2>\n\t\t    <\/div>\n\n\n\t\n    <div class=\"spacer small\"><\/div>\n\n\n    [vc_column_text]\n<table id=\"tablepress-1\" class=\"tablepress tablepress-id-1 tbody-has-connected-cells\">\n<tbody>\n<tr class=\"row-1\">\n\t<td class=\"column-1\"><strong>Technische Daten<\/strong><\/td><td colspan=\"2\" class=\"column-2\"><strong>Mindestanforderungen nach DIN EN 771-1 und DIN 20000-401<\/strong><\/td><td class=\"column-4\"><strong>GIMA-Werte stranggepresste Ware<\/strong><\/td>\n<\/tr>\n<tr class=\"row-2\">\n\t<td class=\"column-1\"><\/td><td class=\"column-2\">VMZ\/VHlz<\/td><td class=\"column-3\">KMZ\/KHlz<\/td><td class=\"column-4\"><\/td>\n<\/tr>\n<tr class=\"row-3\">\n\t<td class=\"column-1\">Druckfestigkeitsklasse<\/td><td class=\"column-2\">\u2265 4<\/td><td class=\"column-3\">\u2265 28<\/td><td class=\"column-4\">28 - 60<\/td>\n<\/tr>\n<tr class=\"row-4\">\n\t<td class=\"column-1\">Scherbenrohdichte<\/td><td class=\"column-2\">-<\/td><td class=\"column-3\">\u2265 1900 kg\/m<sup>3<\/sup><\/td><td class=\"column-4\">2000-2200 kg\/m<sup>3<\/sup><\/td>\n<\/tr>\n<tr class=\"row-5\">\n\t<td class=\"column-1\">Wasseraufnahme<\/td><td class=\"column-2\">-<\/td><td class=\"column-3\">max. 6%<\/td><td class=\"column-4\">2-6% je nach Farbe<\/td>\n<\/tr>\n<tr class=\"row-6\">\n\t<td class=\"column-1\">Frostwiderstand<\/td><td class=\"column-2\">gefordert<\/td><td class=\"column-3\">gefordert<\/td><td class=\"column-4\">nachgewiesen<\/td>\n<\/tr>\n<tr class=\"row-7\">\n\t<td class=\"column-1\">Gehalt an aktiven l\u00f6slichen Salzen<\/td><td class=\"column-2\">mindestens S2<\/td><td class=\"column-3\">mindestens S2<\/td><td class=\"column-4\">S3 (weniger Gehalt an aktiv l\u00f6slichen Salzen als bei S2)<\/td>\n<\/tr>\n<tr class=\"row-8\">\n\t<td class=\"column-1\">Rohdichteklasse<\/td><td class=\"column-2\">\u2265 0,8<\/td><td class=\"column-3\">\u2265 0,8<\/td><td class=\"column-4\">1,6-2,2<\/td>\n<\/tr>\n<\/tbody>\n<\/table>\n<!-- #tablepress-1 from cache -->[\/vc_column_text][vc_column_text el_class=&#8220;table-scroll-info&#8220;]<\/p>\n<p style=\"text-align: center;\"><strong>F\u00fcr mehr Information nach rechts scrollen &gt;<\/strong><\/p>\n<p>[\/vc_column_text]\n    <div class=\"spacer small\"><\/div>\n\n\n    [\/vc_column][\/vc_row][vc_row][vc_column]\n    <div class=\"spacer big\"><\/div>\n\n\n        <div class=\"three-column-button-wrapper\">\n        <div class=\"first-column-wrapper column\">\n            <div class=\"heading\">\n                <p class=\"pre-headline\">Weiterf\u00fchrende<\/p>\n                                    <h2>Informationen<\/h2>\n                            <\/div>\n            <div class=\"text-wrapper bold-text\">\n                <p><\/p>\n            <\/div>\n            <div class=\"button-wrapper\">\n                                    <a class=\"button-one bld-btn\" href=\"https:\/\/www.gima-ziegel.de\/wp-content\/flipbook_fassade\/\" target=\"_blank\">\n                        + Buch Klinker & Fassade                    <\/a><br\/>\n                                                    <a class=\"button-two bld-btn\" href=\"https:\/\/www.gima-ziegel.de\/projektberatung\/\" target=\"_blank\">\n                        + Projektberatung                    <\/a>\n                            <\/div>\n        <\/div>\n        <div class=\"other-columns column\">\n            <div class=\"text-wrapper\">\n                <p>Die optimalen bauphysikalischen Eigenschaften von Klinker-Fassaden entsprechen zu 100% den heutigen \u00f6konomischen und \u00f6kologischen Anforderungen. Der GIMA-Klinker NF &amp; DF erweist sich als idealer Fassadenbaustoff: Er ist frostsicher, s\u00e4ure- und laugenbest\u00e4ndig, licht- und farbecht und zeichnet sich dadurch aus, dass er nicht altert, sondern patiniert und im Laufe der Zeit optisch zus\u00e4tzlich an Reiz gewinnt. Bekommen Sie einen tieferen Einblick in das Thema Klinkerfassade. Was passiert genau beim Brennvorgang? Wie kann die Farbigkeit der Klinker beeinflusst werden? Und wie unterst\u00fctzt mich GIMA bei der Projektplanung? Entdecken Sie kompaktes Wissen: \u00dcber den Planungsprozess, den Herstellungsprozess und unseren Servicegedanken.<\/p>\n            <\/div>\n        <\/div>\n        <div class=\"clearfix\"><\/div>\n        <div class=\"other-columns-mobile\">\n            <div class=\"text-wrapper\">\n                <p>Die optimalen bauphysikalischen Eigenschaften von Klinker-Fassaden entsprechen zu 100% den heutigen \u00f6konomischen und \u00f6kologischen Anforderungen. Der GIMA-Klinker NF &amp; DF erweist sich als idealer Fassadenbaustoff: Er ist frostsicher, s\u00e4ure- und laugenbest\u00e4ndig, licht- und farbecht und zeichnet sich dadurch aus, dass er nicht altert, sondern patiniert und im Laufe der Zeit optisch zus\u00e4tzlich an Reiz gewinnt. Bekommen Sie einen tieferen Einblick in das Thema Klinkerfassade. Was passiert genau beim Brennvorgang? Wie kann die Farbigkeit der Klinker beeinflusst werden? Und wie unterst\u00fctzt mich GIMA bei der Projektplanung? Entdecken Sie kompaktes Wissen: \u00dcber den Planungsprozess, den Herstellungsprozess und unseren Servicegedanken.<\/p>\n            <\/div>\n            <div class=\"bld-btn\">Weiterlesen<\/div>\n        <\/div>\n        <div class=\"clearfix\"><\/div>\n    <\/div>\n\n    \n    <div class=\"spacer big\"><\/div>\n\n\n    [\/vc_column][\/vc_row][vc_section full_width=&#8220;stretch_row&#8220; el_class=&#8220;grey-section&#8220;][vc_row el_class=&#8220;btn-text&#8220;][vc_column][vc_column_text el_class=&#8220;bold-text big-text&#8220;]<\/p>\n<p style=\"text-align: center;\"><span>Weitere Informationen finden Sie in unserem <span style=\"text-decoration: underline;\"><a href=\"\/download-bestellportal\/\">Downloadbereich<\/a><\/span>.<br \/>\nBei R\u00fcckfragen kontaktieren Sie uns jederzeit gerne pers\u00f6nlich.<\/span><\/p>\n<p>[\/vc_column_text]\n    <div class=\"spacer medium\"><\/div>\n\n\n    \n    <div class=\"bld-position\" style=\"text-align: center\">\n        <a class=\"bld-btn\"            href=\"\/kontakt\">+ Kontakt<\/a>\n    <\/div>\n\n\n\t[\/vc_column][\/vc_row][\/vc_section]<\/p>\n<\/div>","protected":false},"featured_media":656,"template":"","produktkategorie":[27],"class_list":["post-492","produkte","type-produkte","status-publish","has-post-thumbnail","hentry","produktkategorie-klinker-fassade"],"acf":[],"yoast_head":"<!-- This site is optimized with the Yoast SEO plugin v27.5 - https:\/\/yoast.com\/product\/yoast-seo-wordpress\/ -->\n<title>GIMA - Qualit\u00e4t aus Ton | Der NF Klinker<\/title>\n<meta name=\"description\" content=\"Hier sehen Sie eine \u00dcbersicht zu g\u00e4ngigen Formaten f\u00fcr Klinker NF &amp; DF sowie das Gewicht und den ungef\u00e4hren Bedarf pro Quadratmeter.\" \/>\n<meta name=\"robots\" content=\"index, follow, max-snippet:-1, max-image-preview:large, max-video-preview:-1\" \/>\n<link rel=\"canonical\" href=\"https:\/\/www.gima-ziegel.de\/de\/produkte\/klinker-nf-df\/\" \/>\n<meta property=\"og:locale\" content=\"de_DE\" \/>\n<meta property=\"og:type\" content=\"article\" \/>\n<meta property=\"og:title\" content=\"GIMA - Qualit\u00e4t aus Ton | Der NF Klinker\" \/>\n<meta property=\"og:description\" content=\"Hier sehen Sie eine \u00dcbersicht zu g\u00e4ngigen Formaten f\u00fcr Klinker NF &amp; DF sowie das Gewicht und den ungef\u00e4hren Bedarf pro Quadratmeter.\" \/>\n<meta property=\"og:url\" content=\"https:\/\/www.gima-ziegel.de\/de\/produkte\/klinker-nf-df\/\" \/>\n<meta property=\"og:site_name\" content=\"Gima\" \/>\n<meta property=\"article:modified_time\" content=\"2025-02-26T08:36:53+00:00\" \/>\n<meta property=\"og:image\" content=\"https:\/\/www.gima-ziegel.de\/wp-content\/uploads\/0422-GIMA-I-PRODUKTE12443_Klinker-NF_Alexander-Bernhard_web_1.png\" \/>\n\t<meta property=\"og:image:width\" content=\"500\" \/>\n\t<meta property=\"og:image:height\" content=\"375\" \/>\n\t<meta property=\"og:image:type\" content=\"image\/png\" \/>\n<meta name=\"twitter:card\" content=\"summary_large_image\" \/>\n<meta name=\"twitter:label1\" content=\"Gesch\u00e4tzte Lesezeit\" \/>\n\t<meta name=\"twitter:data1\" content=\"3\u00a0Minuten\" \/>\n<script type=\"application\/ld+json\" class=\"yoast-schema-graph\">{\"@context\":\"https:\\\/\\\/schema.org\",\"@graph\":[{\"@type\":\"WebPage\",\"@id\":\"https:\\\/\\\/www.gima-ziegel.de\\\/de\\\/produkte\\\/klinker-nf-df\\\/\",\"url\":\"https:\\\/\\\/www.gima-ziegel.de\\\/de\\\/produkte\\\/klinker-nf-df\\\/\",\"name\":\"GIMA - Qualit\u00e4t aus Ton | Der NF Klinker\",\"isPartOf\":{\"@id\":\"https:\\\/\\\/www.gima-ziegel.de\\\/en\\\/#website\"},\"primaryImageOfPage\":{\"@id\":\"https:\\\/\\\/www.gima-ziegel.de\\\/de\\\/produkte\\\/klinker-nf-df\\\/#primaryimage\"},\"image\":{\"@id\":\"https:\\\/\\\/www.gima-ziegel.de\\\/de\\\/produkte\\\/klinker-nf-df\\\/#primaryimage\"},\"thumbnailUrl\":\"https:\\\/\\\/www.gima-ziegel.de\\\/wp-content\\\/uploads\\\/0422-GIMA-I-PRODUKTE12443_Klinker-NF_Alexander-Bernhard_web_1.png\",\"datePublished\":\"2020-06-12T06:47:44+00:00\",\"dateModified\":\"2025-02-26T08:36:53+00:00\",\"description\":\"Hier sehen Sie eine \u00dcbersicht zu g\u00e4ngigen Formaten f\u00fcr Klinker NF & DF sowie das Gewicht und den ungef\u00e4hren Bedarf pro Quadratmeter.\",\"breadcrumb\":{\"@id\":\"https:\\\/\\\/www.gima-ziegel.de\\\/de\\\/produkte\\\/klinker-nf-df\\\/#breadcrumb\"},\"inLanguage\":\"de\",\"potentialAction\":[{\"@type\":\"ReadAction\",\"target\":[\"https:\\\/\\\/www.gima-ziegel.de\\\/de\\\/produkte\\\/klinker-nf-df\\\/\"]}]},{\"@type\":\"ImageObject\",\"inLanguage\":\"de\",\"@id\":\"https:\\\/\\\/www.gima-ziegel.de\\\/de\\\/produkte\\\/klinker-nf-df\\\/#primaryimage\",\"url\":\"https:\\\/\\\/www.gima-ziegel.de\\\/wp-content\\\/uploads\\\/0422-GIMA-I-PRODUKTE12443_Klinker-NF_Alexander-Bernhard_web_1.png\",\"contentUrl\":\"https:\\\/\\\/www.gima-ziegel.de\\\/wp-content\\\/uploads\\\/0422-GIMA-I-PRODUKTE12443_Klinker-NF_Alexander-Bernhard_web_1.png\",\"width\":500,\"height\":375,\"caption\":\"Alexander Bernhard\"},{\"@type\":\"BreadcrumbList\",\"@id\":\"https:\\\/\\\/www.gima-ziegel.de\\\/de\\\/produkte\\\/klinker-nf-df\\\/#breadcrumb\",\"itemListElement\":[{\"@type\":\"ListItem\",\"position\":1,\"name\":\"Startseite\",\"item\":\"https:\\\/\\\/www.gima-ziegel.de\\\/de\\\/\"},{\"@type\":\"ListItem\",\"position\":2,\"name\":\"Klinker NF &#038; DF\"}]},{\"@type\":\"WebSite\",\"@id\":\"https:\\\/\\\/www.gima-ziegel.de\\\/en\\\/#website\",\"url\":\"https:\\\/\\\/www.gima-ziegel.de\\\/en\\\/\",\"name\":\"Gima\",\"description\":\"Qualit\u00e4t aus Ton\",\"potentialAction\":[{\"@type\":\"SearchAction\",\"target\":{\"@type\":\"EntryPoint\",\"urlTemplate\":\"https:\\\/\\\/www.gima-ziegel.de\\\/en\\\/?s={search_term_string}\"},\"query-input\":{\"@type\":\"PropertyValueSpecification\",\"valueRequired\":true,\"valueName\":\"search_term_string\"}}],\"inLanguage\":\"de\"}]}<\/script>\n<!-- \/ Yoast SEO plugin. -->","yoast_head_json":{"title":"GIMA - Qualit\u00e4t aus Ton | Der NF Klinker","description":"Hier sehen Sie eine \u00dcbersicht zu g\u00e4ngigen Formaten f\u00fcr Klinker NF & DF sowie das Gewicht und den ungef\u00e4hren Bedarf pro Quadratmeter.","robots":{"index":"index","follow":"follow","max-snippet":"max-snippet:-1","max-image-preview":"max-image-preview:large","max-video-preview":"max-video-preview:-1"},"canonical":"https:\/\/www.gima-ziegel.de\/de\/produkte\/klinker-nf-df\/","og_locale":"de_DE","og_type":"article","og_title":"GIMA - Qualit\u00e4t aus Ton | Der NF Klinker","og_description":"Hier sehen Sie eine \u00dcbersicht zu g\u00e4ngigen Formaten f\u00fcr Klinker NF & DF sowie das Gewicht und den ungef\u00e4hren Bedarf pro Quadratmeter.","og_url":"https:\/\/www.gima-ziegel.de\/de\/produkte\/klinker-nf-df\/","og_site_name":"Gima","article_modified_time":"2025-02-26T08:36:53+00:00","og_image":[{"width":500,"height":375,"url":"https:\/\/www.gima-ziegel.de\/wp-content\/uploads\/0422-GIMA-I-PRODUKTE12443_Klinker-NF_Alexander-Bernhard_web_1.png","type":"image\/png"}],"twitter_card":"summary_large_image","twitter_misc":{"Gesch\u00e4tzte Lesezeit":"3\u00a0Minuten"},"schema":{"@context":"https:\/\/schema.org","@graph":[{"@type":"WebPage","@id":"https:\/\/www.gima-ziegel.de\/de\/produkte\/klinker-nf-df\/","url":"https:\/\/www.gima-ziegel.de\/de\/produkte\/klinker-nf-df\/","name":"GIMA - Qualit\u00e4t aus Ton | Der NF Klinker","isPartOf":{"@id":"https:\/\/www.gima-ziegel.de\/en\/#website"},"primaryImageOfPage":{"@id":"https:\/\/www.gima-ziegel.de\/de\/produkte\/klinker-nf-df\/#primaryimage"},"image":{"@id":"https:\/\/www.gima-ziegel.de\/de\/produkte\/klinker-nf-df\/#primaryimage"},"thumbnailUrl":"https:\/\/www.gima-ziegel.de\/wp-content\/uploads\/0422-GIMA-I-PRODUKTE12443_Klinker-NF_Alexander-Bernhard_web_1.png","datePublished":"2020-06-12T06:47:44+00:00","dateModified":"2025-02-26T08:36:53+00:00","description":"Hier sehen Sie eine \u00dcbersicht zu g\u00e4ngigen Formaten f\u00fcr Klinker NF & DF sowie das Gewicht und den ungef\u00e4hren Bedarf pro Quadratmeter.","breadcrumb":{"@id":"https:\/\/www.gima-ziegel.de\/de\/produkte\/klinker-nf-df\/#breadcrumb"},"inLanguage":"de","potentialAction":[{"@type":"ReadAction","target":["https:\/\/www.gima-ziegel.de\/de\/produkte\/klinker-nf-df\/"]}]},{"@type":"ImageObject","inLanguage":"de","@id":"https:\/\/www.gima-ziegel.de\/de\/produkte\/klinker-nf-df\/#primaryimage","url":"https:\/\/www.gima-ziegel.de\/wp-content\/uploads\/0422-GIMA-I-PRODUKTE12443_Klinker-NF_Alexander-Bernhard_web_1.png","contentUrl":"https:\/\/www.gima-ziegel.de\/wp-content\/uploads\/0422-GIMA-I-PRODUKTE12443_Klinker-NF_Alexander-Bernhard_web_1.png","width":500,"height":375,"caption":"Alexander Bernhard"},{"@type":"BreadcrumbList","@id":"https:\/\/www.gima-ziegel.de\/de\/produkte\/klinker-nf-df\/#breadcrumb","itemListElement":[{"@type":"ListItem","position":1,"name":"Startseite","item":"https:\/\/www.gima-ziegel.de\/de\/"},{"@type":"ListItem","position":2,"name":"Klinker NF &#038; DF"}]},{"@type":"WebSite","@id":"https:\/\/www.gima-ziegel.de\/en\/#website","url":"https:\/\/www.gima-ziegel.de\/en\/","name":"Gima","description":"Qualit\u00e4t aus Ton","potentialAction":[{"@type":"SearchAction","target":{"@type":"EntryPoint","urlTemplate":"https:\/\/www.gima-ziegel.de\/en\/?s={search_term_string}"},"query-input":{"@type":"PropertyValueSpecification","valueRequired":true,"valueName":"search_term_string"}}],"inLanguage":"de"}]}},"_links":{"self":[{"href":"https:\/\/www.gima-ziegel.de\/de\/wp-json\/wp\/v2\/produkte\/492","targetHints":{"allow":["GET"]}}],"collection":[{"href":"https:\/\/www.gima-ziegel.de\/de\/wp-json\/wp\/v2\/produkte"}],"about":[{"href":"https:\/\/www.gima-ziegel.de\/de\/wp-json\/wp\/v2\/types\/produkte"}],"wp:featuredmedia":[{"embeddable":true,"href":"https:\/\/www.gima-ziegel.de\/de\/wp-json\/wp\/v2\/media\/656"}],"wp:attachment":[{"href":"https:\/\/www.gima-ziegel.de\/de\/wp-json\/wp\/v2\/media?parent=492"}],"wp:term":[{"taxonomy":"produktkategorie","embeddable":true,"href":"https:\/\/www.gima-ziegel.de\/de\/wp-json\/wp\/v2\/produktkategorie?post=492"}],"curies":[{"name":"wp","href":"https:\/\/api.w.org\/{rel}","templated":true}]}}