{"id":6139,"date":"2020-06-16T17:13:03","date_gmt":"2020-06-16T15:13:03","guid":{"rendered":"https:\/\/www.gima-ziegel.de\/boden\/"},"modified":"2025-03-27T08:40:12","modified_gmt":"2025-03-27T07:40:12","slug":"pavers-and-flooring","status":"publish","type":"page","link":"https:\/\/www.gima-ziegel.de\/en\/pavers-and-flooring\/","title":{"rendered":"Pavers &#038; Flooring"},"content":{"rendered":"<div class=\"wpb-content-wrapper\"><p>[vc_row full_width=&#8221;stretch_row_content_no_spaces&#8221;][vc_column]\n    <div class=\"vc-header-white-left white-bar\">\n        <div class=\"image-wrapper\">\n            <div class=\"image\"\n                 style=\"background: url('https:\/\/www.gima-ziegel.de\/wp-content\/uploads\/Berlin_Quartier-am-Tacheles_TK_3715_KoyWinkel.jpg')\">\n                                    <div class=\"image-copyright\">\n                        Koy + Winkel | Herzog & de Meuron, Basel                    <\/div>\n                            <\/div>\n        <\/div>\n        <div class=\"header-text\">\n\t\t                <div class=\"text\">\n\t\t\t                        <p class=\"pre-headline\">Bricks with format<\/p>\n\t\t\t    \t\t\t                        <h1>For the floor                    <\/h1>\n\t\t\t                <\/div>\n        <\/div>\n        <div class=\"container\">\n            <div class=\"box-wrapper\">\n                <div class=\"box-title\">\n                    <p>Discovering<\/p>\n                <\/div>\n                <div class=\"box-content\">\n                    <div class=\"bold-text\">\n                        <p>Natural and durable ceramic patio tiles and floor solutions satisfy exacting standards and their versatile design options convince planners, as do their durability, low maintenance costs and great cost-effectiveness.<\/p>\n                    <\/div>\n                    <div class=\"text\">\n                        <p>From the development of public open areas to the design of private terraces and paths, and out to the restoration of listed buildings: here, we demonstrate the versatility with which GIMA pavers and floor solutions can be used to surface a vast array of different types of area.<br \/>\nDiscover here the wide range of products for floors.<\/p>\n                    <\/div>\n                <\/div>\n                <div class=\"buttons\">\n\t\t\t            <a class=\"bld-btn\"        href=\"\/en\/pavers-and-flooring\/#produktsortiment\">+ Products<\/a>\n\n        <a class=\"bld-btn\"        href=\"https:\/\/www.gima-ziegel.de\/en\/samples-and-textures\/?produktkategorie=pavers-flooring#farblisting\">+ Colors<\/a>\n\n        <a class=\"bld-btn\"        href=\"https:\/\/www.gima-ziegel.de\/en\/references\/?produktkategorie=pavers-flooring#referenzlisting\">+ References<\/a>\n\n        <a class=\"bld-btn\"        href=\"\/en\/bodentechnik\/\">+ Technical expertise<\/a>\n\n                    <\/div>\n            <\/div>\n            <div class=\"clearfix\"><\/div>\n        <\/div>\n            <\/div>\n\n\n    [\/vc_column][\/vc_row][vc_section][vc_row el_id=&#8221;produktsortiment&#8221;][vc_column]\n    <div class=\"heading heading-widget\">\n        <p class=\"pre-headline\">Everything at a glance<\/p>\n\t\t            <h2>Product overview<\/h2>\n\t\t    <\/div>\n\n\n\t[\/vc_column][\/vc_row][vc_row][vc_column][vc_column_text]Let yourself be inspired by the variety of our product range. From bar format to square paving stones, from brick floor slab to our modern CERPIANO+ terrace system \u2013 with numerous formats and a wide and diverse range of colors, our ceramic products can be used in almost all areas associated with the design of paths and spaces, both private and public. Simply click the relevant product image to obtain a more accurate overview of the product details, common formats and technical details that have an important role to play in production and installation.[\/vc_column_text]\n    <div class=\"spacer small\"><\/div>\n\n\n    [\/vc_column][\/vc_row][vc_row][vc_column]\n    <div class=\"blog-listing-wrapper\">\n                    <div class=\"blog-wrapper\">\n                                <a class=\"blog-link\" href=\"https:\/\/www.gima-ziegel.de\/en\/produkte\/stock-range-of-pavers\/\">\n                                        <div class=\"link\">\n                        <div class=\"link-icon\"\n                             style=\"background-image: url('\/wp-content\/themes\/gima\/includes\/images\/link.svg');\"><\/div>\n                    <\/div>\n                    <div class=\"blog-img\">\n                        <img loading=\"lazy\" decoding=\"async\" width=\"480\" height=\"375\" src=\"https:\/\/www.gima-ziegel.de\/wp-content\/uploads\/0422-GIMA-I-PRODUKTE124d89_Akustikziegel__Alexander-Bernhard_web_1-480x375-1_web.png\" class=\"attachment-bold-card size-bold-card\" alt=\"\" srcset=\"https:\/\/www.gima-ziegel.de\/wp-content\/uploads\/0422-GIMA-I-PRODUKTE124d89_Akustikziegel__Alexander-Bernhard_web_1-480x375-1_web.png 480w, https:\/\/www.gima-ziegel.de\/wp-content\/uploads\/0422-GIMA-I-PRODUKTE124d89_Akustikziegel__Alexander-Bernhard_web_1-480x375-1_web-300x234.png 300w\" sizes=\"auto, (max-width: 480px) 100vw, 480px\" \/>                    <\/div>\n                    <h3 class=\"blog-title\">\n                        Stock range of pavers                    <\/h3>\n                <\/a>\n            <\/div>\n                    <div class=\"blog-wrapper\">\n                                <a class=\"blog-link\" href=\"https:\/\/www.gima-ziegel.de\/en\/produkte\/pavers\/\">\n                                        <div class=\"link\">\n                        <div class=\"link-icon\"\n                             style=\"background-image: url('\/wp-content\/themes\/gima\/includes\/images\/link.svg');\"><\/div>\n                    <\/div>\n                    <div class=\"blog-img\">\n                        <img loading=\"lazy\" decoding=\"async\" width=\"480\" height=\"375\" src=\"https:\/\/www.gima-ziegel.de\/wp-content\/uploads\/04222-GIMA-I-PRODUKTE12489_Akustikziegel__Alexander-Bernhard_web_1-480x375-1_web.png\" class=\"attachment-bold-card size-bold-card\" alt=\"\" srcset=\"https:\/\/www.gima-ziegel.de\/wp-content\/uploads\/04222-GIMA-I-PRODUKTE12489_Akustikziegel__Alexander-Bernhard_web_1-480x375-1_web.png 480w, https:\/\/www.gima-ziegel.de\/wp-content\/uploads\/04222-GIMA-I-PRODUKTE12489_Akustikziegel__Alexander-Bernhard_web_1-480x375-1_web-300x234.png 300w\" sizes=\"auto, (max-width: 480px) 100vw, 480px\" \/>                    <\/div>\n                    <h3 class=\"blog-title\">\n                        Pavers                    <\/h3>\n                <\/a>\n            <\/div>\n                    <div class=\"blog-wrapper\">\n                                <a class=\"blog-link\" href=\"https:\/\/www.gima-ziegel.de\/en\/produkte\/bar-format-pavers\/\">\n                                        <div class=\"link\">\n                        <div class=\"link-icon\"\n                             style=\"background-image: url('\/wp-content\/themes\/gima\/includes\/images\/link.svg');\"><\/div>\n                    <\/div>\n                    <div class=\"blog-img\">\n                        <img loading=\"lazy\" decoding=\"async\" width=\"480\" height=\"375\" src=\"https:\/\/www.gima-ziegel.de\/wp-content\/uploads\/04222-GIMA-I-SPRODUKTE12489_Akustikziegel__Alexander-Bernhard_web_1-480x375-1_web.png\" class=\"attachment-bold-card size-bold-card\" alt=\"\" srcset=\"https:\/\/www.gima-ziegel.de\/wp-content\/uploads\/04222-GIMA-I-SPRODUKTE12489_Akustikziegel__Alexander-Bernhard_web_1-480x375-1_web.png 480w, https:\/\/www.gima-ziegel.de\/wp-content\/uploads\/04222-GIMA-I-SPRODUKTE12489_Akustikziegel__Alexander-Bernhard_web_1-480x375-1_web-300x234.png 300w\" sizes=\"auto, (max-width: 480px) 100vw, 480px\" \/>                    <\/div>\n                    <h3 class=\"blog-title\">\n                        Bar-format pavers                    <\/h3>\n                <\/a>\n            <\/div>\n                    <div class=\"blog-wrapper\">\n                                <a class=\"blog-link\" href=\"https:\/\/www.gima-ziegel.de\/en\/produkte\/floor-tiles\/\">\n                                        <div class=\"link\">\n                        <div class=\"link-icon\"\n                             style=\"background-image: url('\/wp-content\/themes\/gima\/includes\/images\/link.svg');\"><\/div>\n                    <\/div>\n                    <div class=\"blog-img\">\n                        <img loading=\"lazy\" decoding=\"async\" width=\"480\" height=\"375\" src=\"https:\/\/www.gima-ziegel.de\/wp-content\/uploads\/0422-GIMA-I-PRO3DUKTE12489_Akustikziegel__Alexander-Bernhard_web_1-480x375-1_web.png\" class=\"attachment-bold-card size-bold-card\" alt=\"\" srcset=\"https:\/\/www.gima-ziegel.de\/wp-content\/uploads\/0422-GIMA-I-PRO3DUKTE12489_Akustikziegel__Alexander-Bernhard_web_1-480x375-1_web.png 480w, https:\/\/www.gima-ziegel.de\/wp-content\/uploads\/0422-GIMA-I-PRO3DUKTE12489_Akustikziegel__Alexander-Bernhard_web_1-480x375-1_web-300x234.png 300w\" sizes=\"auto, (max-width: 480px) 100vw, 480px\" \/>                    <\/div>\n                    <h3 class=\"blog-title\">\n                        Floor tiles                    <\/h3>\n                <\/a>\n            <\/div>\n                    <div class=\"blog-wrapper\">\n                                <a class=\"blog-link\" href=\"https:\/\/www.gima-ziegel.de\/en\/produkte\/handmade-flooring\/\">\n                                        <div class=\"link\">\n                        <div class=\"link-icon\"\n                             style=\"background-image: url('\/wp-content\/themes\/gima\/includes\/images\/link.svg');\"><\/div>\n                    <\/div>\n                    <div class=\"blog-img\">\n                        <img loading=\"lazy\" decoding=\"async\" width=\"480\" height=\"375\" src=\"https:\/\/www.gima-ziegel.de\/wp-content\/uploads\/0422-GIMA-I-PROsDUKTE12489_Akustikziegel__Alexander-Bernhard_web_1-480x375-1_web-e1598443445865.png\" class=\"attachment-bold-card size-bold-card\" alt=\"\" \/>                    <\/div>\n                    <h3 class=\"blog-title\">\n                        Handmade flooring                    <\/h3>\n                <\/a>\n            <\/div>\n                    <div class=\"blog-wrapper\">\n                                <a class=\"blog-link\" href=\"https:\/\/www.gima-ziegel.de\/en\/produkte\/cerpiano\/\">\n                                        <div class=\"link\">\n                        <div class=\"link-icon\"\n                             style=\"background-image: url('\/wp-content\/themes\/gima\/includes\/images\/link.svg');\"><\/div>\n                    <\/div>\n                    <div class=\"blog-img\">\n                        <img loading=\"lazy\" decoding=\"async\" width=\"480\" height=\"375\" src=\"https:\/\/www.gima-ziegel.de\/wp-content\/uploads\/0422-GIMA-I-PRODUKTE12489_Akustikziegel__Alexander-Bernhard_web_1-480x375-1.png\" class=\"attachment-bold-card size-bold-card\" alt=\"\" srcset=\"https:\/\/www.gima-ziegel.de\/wp-content\/uploads\/0422-GIMA-I-PRODUKTE12489_Akustikziegel__Alexander-Bernhard_web_1-480x375-1.png 480w, https:\/\/www.gima-ziegel.de\/wp-content\/uploads\/0422-GIMA-I-PRODUKTE12489_Akustikziegel__Alexander-Bernhard_web_1-480x375-1-300x234.png 300w\" sizes=\"auto, (max-width: 480px) 100vw, 480px\" \/>                    <\/div>\n                    <h3 class=\"blog-title\">\n                        CERPIANO+                    <\/h3>\n                <\/a>\n            <\/div>\n                <div class=\"clearfix\"><\/div>\n    <\/div>\n\n    \n    <div class=\"spacer medium\"><\/div>\n\n\n    [\/vc_column][\/vc_row][\/vc_section][vc_section full_width=&#8221;stretch_row_content&#8221;][vc_row full_width=&#8221;stretch_row_content_no_spaces&#8221; el_id=&#8221;farbvielfalt&#8221;][vc_column]\n    <div class=\"vc-farbvielfalt-wrapper\">\n        <div class=\"preview-text-wrapper\">\n            <div class=\"preview-slider\">\n                                    <div class=\"farbe\">\n                        <img loading=\"lazy\" decoding=\"async\" width=\"1000\" height=\"650\" src=\"https:\/\/www.gima-ziegel.de\/wp-content\/uploads\/GIMA-Pflaster-Lagersortiment_Nazare_NF-HK_Alexander-Bernhard_lr-1000x650.jpg\" class=\"attachment-bold-farbe-big size-bold-farbe-big\" alt=\"GIMA-Pflaster-Lagersortiment_Nazare_NF-HK_Alexander-Bernhard_lr\" \/>                    <\/div>\n                                    <div class=\"farbe\">\n                        <img loading=\"lazy\" decoding=\"async\" width=\"1000\" height=\"650\" src=\"https:\/\/www.gima-ziegel.de\/wp-content\/uploads\/Rasenlochklinker-Quadratlochung-Kosmos_Alexander-Bernhard_lr-1000x650.jpg\" class=\"attachment-bold-farbe-big size-bold-farbe-big\" alt=\"Rasenlochklinker-Quadratlochung-Kosmos_Alexander-Bernhard_lr\" \/>                    <\/div>\n                                    <div class=\"farbe\">\n                        <img loading=\"lazy\" decoding=\"async\" width=\"1000\" height=\"650\" src=\"https:\/\/www.gima-ziegel.de\/wp-content\/uploads\/Alaska-20_20_Toni-Ott_lr-1000x650.jpg\" class=\"attachment-bold-farbe-big size-bold-farbe-big\" alt=\"Alaska-20_20_Toni-Ott_lr\" \/>                    <\/div>\n                                    <div class=\"farbe\">\n                        <img loading=\"lazy\" decoding=\"async\" width=\"1000\" height=\"650\" src=\"https:\/\/www.gima-ziegel.de\/wp-content\/uploads\/Schiefer-20_10_Toni-Ott_lr-1000x650.jpg\" class=\"attachment-bold-farbe-big size-bold-farbe-big\" alt=\"Schiefer-20_10_Toni-Ott_lr\" \/>                    <\/div>\n                                    <div class=\"farbe\">\n                        <img loading=\"lazy\" decoding=\"async\" width=\"603\" height=\"650\" src=\"https:\/\/www.gima-ziegel.de\/wp-content\/uploads\/Kastanienbraun_gerillt-603x650.jpeg\" class=\"attachment-bold-farbe-big size-bold-farbe-big\" alt=\"Kastanienbraun_gerillt-e1598279148643.jpeg\" \/>                    <\/div>\n                                    <div class=\"farbe\">\n                        <img loading=\"lazy\" decoding=\"async\" width=\"603\" height=\"650\" src=\"https:\/\/www.gima-ziegel.de\/wp-content\/uploads\/Titangrau_gerillt-603x650.jpeg\" class=\"attachment-bold-farbe-big size-bold-farbe-big\" alt=\"Titangrau_gerillt-e1598278682224.jpeg\" \/>                    <\/div>\n                            <\/div>\n            <div class=\"content-wrapper\">\n                <div class=\"container\">\n                    <div class=\"content\">\n                        <div class=\"heading\">\n                            <p class=\"pre-headline\">Endless possibilities<\/p>\n                                                            <h1>Color variety by GIMA<\/h1>\n                                                    <\/div>\n                        <div class=\"bold-text\">\n                            <p>We not only comply with the wishes of the planners in relation to formats and shapes. We also experiment with the desired color until we have completely reached the target.<\/p>\n                        <\/div>\n                        <div class=\"text\">\n                            <p>In the flooring area, you can select from an extensive range of paving products that is always available from stock. Here, current colors and classic formats constitute a modern range of floor solutions. Furthermore, our in-house color laboratory also develops new colors and formats for the paving sector. This provides planners with many possible ways to design new outdoor areas.<\/p>\n                        <\/div>\n                        <a class=\"bld-btn\" href=\"https:\/\/www.gima-ziegel.de\/en\/samples-and-textures\/?produktkategorie=pavers-flooring#farblisting\">+ Color overview flooring<\/a>\n                        <a class=\"bld-btn\" href=\"https:\/\/www.gima-ziegel.de\/en\/projektberatung\/#entwicklungindivduell\">+ Color laboratory<\/a>\n                    <\/div>\n                    <div class=\"clearfix\"><\/div>\n                <\/div>\n            <\/div>\n        <\/div>\n        <div class=\"farben-slider-wrapper\">\n            <div class=\"container\">\n                <div class=\"farben-slider\">\n                                            <div class=\"farbe\">\n                            <img loading=\"lazy\" decoding=\"async\" width=\"300\" height=\"300\" src=\"https:\/\/www.gima-ziegel.de\/wp-content\/uploads\/GIMA-Pflaster-Lagersortiment_Nazare_NF-HK_Alexander-Bernhard_lr-300x300.jpg\" class=\"attachment-bold-farbe-small size-bold-farbe-small\" alt=\"GIMA-Pflaster-Lagersortiment_Nazare_NF-HK_Alexander-Bernhard_lr\" srcset=\"https:\/\/www.gima-ziegel.de\/wp-content\/uploads\/GIMA-Pflaster-Lagersortiment_Nazare_NF-HK_Alexander-Bernhard_lr-300x300.jpg 300w, https:\/\/www.gima-ziegel.de\/wp-content\/uploads\/GIMA-Pflaster-Lagersortiment_Nazare_NF-HK_Alexander-Bernhard_lr-150x150.jpg 150w, https:\/\/www.gima-ziegel.de\/wp-content\/uploads\/GIMA-Pflaster-Lagersortiment_Nazare_NF-HK_Alexander-Bernhard_lr-480x480.jpg 480w, https:\/\/www.gima-ziegel.de\/wp-content\/uploads\/GIMA-Pflaster-Lagersortiment_Nazare_NF-HK_Alexander-Bernhard_lr-310x310.jpg 310w\" sizes=\"auto, (max-width: 300px) 100vw, 300px\" \/>                            <div class=\"hover-wrapper\">\n                                <div class=\"link\">\n                                    <div class=\"link-icon\"\n                                         style=\"background-image: url('\/wp-content\/themes\/gima\/includes\/images\/info.svg');\"><\/div>\n                                <\/div>\n                                <div class=\"title\">\n                                    Nazare NF HK                                <\/div>\n                            <\/div>\n                        <\/div>\n                                            <div class=\"farbe\">\n                            <img loading=\"lazy\" decoding=\"async\" width=\"300\" height=\"300\" src=\"https:\/\/www.gima-ziegel.de\/wp-content\/uploads\/Rasenlochklinker-Quadratlochung-Kosmos_Alexander-Bernhard_lr-300x300.jpg\" class=\"attachment-bold-farbe-small size-bold-farbe-small\" alt=\"Rasenlochklinker-Quadratlochung-Kosmos_Alexander-Bernhard_lr\" srcset=\"https:\/\/www.gima-ziegel.de\/wp-content\/uploads\/Rasenlochklinker-Quadratlochung-Kosmos_Alexander-Bernhard_lr-300x300.jpg 300w, https:\/\/www.gima-ziegel.de\/wp-content\/uploads\/Rasenlochklinker-Quadratlochung-Kosmos_Alexander-Bernhard_lr-150x150.jpg 150w, https:\/\/www.gima-ziegel.de\/wp-content\/uploads\/Rasenlochklinker-Quadratlochung-Kosmos_Alexander-Bernhard_lr-480x480.jpg 480w, https:\/\/www.gima-ziegel.de\/wp-content\/uploads\/Rasenlochklinker-Quadratlochung-Kosmos_Alexander-Bernhard_lr-310x310.jpg 310w\" sizes=\"auto, (max-width: 300px) 100vw, 300px\" \/>                            <div class=\"hover-wrapper\">\n                                <div class=\"link\">\n                                    <div class=\"link-icon\"\n                                         style=\"background-image: url('\/wp-content\/themes\/gima\/includes\/images\/info.svg');\"><\/div>\n                                <\/div>\n                                <div class=\"title\">\n                                    Grass pavers square holes, Kosmos                                <\/div>\n                            <\/div>\n                        <\/div>\n                                            <div class=\"farbe\">\n                            <img loading=\"lazy\" decoding=\"async\" width=\"300\" height=\"300\" src=\"https:\/\/www.gima-ziegel.de\/wp-content\/uploads\/Alaska-20_20_Toni-Ott_lr-300x300.jpg\" class=\"attachment-bold-farbe-small size-bold-farbe-small\" alt=\"Alaska-20_20_Toni-Ott_lr\" srcset=\"https:\/\/www.gima-ziegel.de\/wp-content\/uploads\/Alaska-20_20_Toni-Ott_lr-300x300.jpg 300w, https:\/\/www.gima-ziegel.de\/wp-content\/uploads\/Alaska-20_20_Toni-Ott_lr-150x150.jpg 150w, https:\/\/www.gima-ziegel.de\/wp-content\/uploads\/Alaska-20_20_Toni-Ott_lr-480x480.jpg 480w, https:\/\/www.gima-ziegel.de\/wp-content\/uploads\/Alaska-20_20_Toni-Ott_lr-310x310.jpg 310w\" sizes=\"auto, (max-width: 300px) 100vw, 300px\" \/>                            <div class=\"hover-wrapper\">\n                                <div class=\"link\">\n                                    <div class=\"link-icon\"\n                                         style=\"background-image: url('\/wp-content\/themes\/gima\/includes\/images\/info.svg');\"><\/div>\n                                <\/div>\n                                <div class=\"title\">\n                                    Alaska                                <\/div>\n                            <\/div>\n                        <\/div>\n                                            <div class=\"farbe\">\n                            <img loading=\"lazy\" decoding=\"async\" width=\"300\" height=\"300\" src=\"https:\/\/www.gima-ziegel.de\/wp-content\/uploads\/Schiefer-20_10_Toni-Ott_lr-300x300.jpg\" class=\"attachment-bold-farbe-small size-bold-farbe-small\" alt=\"Schiefer-20_10_Toni-Ott_lr\" srcset=\"https:\/\/www.gima-ziegel.de\/wp-content\/uploads\/Schiefer-20_10_Toni-Ott_lr-300x300.jpg 300w, https:\/\/www.gima-ziegel.de\/wp-content\/uploads\/Schiefer-20_10_Toni-Ott_lr-150x150.jpg 150w, https:\/\/www.gima-ziegel.de\/wp-content\/uploads\/Schiefer-20_10_Toni-Ott_lr-480x480.jpg 480w, https:\/\/www.gima-ziegel.de\/wp-content\/uploads\/Schiefer-20_10_Toni-Ott_lr-310x310.jpg 310w\" sizes=\"auto, (max-width: 300px) 100vw, 300px\" \/>                            <div class=\"hover-wrapper\">\n                                <div class=\"link\">\n                                    <div class=\"link-icon\"\n                                         style=\"background-image: url('\/wp-content\/themes\/gima\/includes\/images\/info.svg');\"><\/div>\n                                <\/div>\n                                <div class=\"title\">\n                                    Schiefer                                <\/div>\n                            <\/div>\n                        <\/div>\n                                            <div class=\"farbe\">\n                            <img loading=\"lazy\" decoding=\"async\" width=\"300\" height=\"300\" src=\"https:\/\/www.gima-ziegel.de\/wp-content\/uploads\/Kastanienbraun_gerillt-300x300.jpeg\" class=\"attachment-bold-farbe-small size-bold-farbe-small\" alt=\"Kastanienbraun_gerillt-e1598279148643.jpeg\" srcset=\"https:\/\/www.gima-ziegel.de\/wp-content\/uploads\/Kastanienbraun_gerillt-300x300.jpeg 300w, https:\/\/www.gima-ziegel.de\/wp-content\/uploads\/Kastanienbraun_gerillt-150x150.jpeg 150w, https:\/\/www.gima-ziegel.de\/wp-content\/uploads\/Kastanienbraun_gerillt-480x480.jpeg 480w, https:\/\/www.gima-ziegel.de\/wp-content\/uploads\/Kastanienbraun_gerillt-310x310.jpeg 310w\" sizes=\"auto, (max-width: 300px) 100vw, 300px\" \/>                            <div class=\"hover-wrapper\">\n                                <div class=\"link\">\n                                    <div class=\"link-icon\"\n                                         style=\"background-image: url('\/wp-content\/themes\/gima\/includes\/images\/info.svg');\"><\/div>\n                                <\/div>\n                                <div class=\"title\">\n                                    CERPIANO+ Chestnut brown grooved                                <\/div>\n                            <\/div>\n                        <\/div>\n                                            <div class=\"farbe\">\n                            <img loading=\"lazy\" decoding=\"async\" width=\"300\" height=\"300\" src=\"https:\/\/www.gima-ziegel.de\/wp-content\/uploads\/Titangrau_gerillt-300x300.jpeg\" class=\"attachment-bold-farbe-small size-bold-farbe-small\" alt=\"Titangrau_gerillt-e1598278682224.jpeg\" srcset=\"https:\/\/www.gima-ziegel.de\/wp-content\/uploads\/Titangrau_gerillt-300x300.jpeg 300w, https:\/\/www.gima-ziegel.de\/wp-content\/uploads\/Titangrau_gerillt-150x150.jpeg 150w, https:\/\/www.gima-ziegel.de\/wp-content\/uploads\/Titangrau_gerillt-480x480.jpeg 480w, https:\/\/www.gima-ziegel.de\/wp-content\/uploads\/Titangrau_gerillt-310x310.jpeg 310w\" sizes=\"auto, (max-width: 300px) 100vw, 300px\" \/>                            <div class=\"hover-wrapper\">\n                                <div class=\"link\">\n                                    <div class=\"link-icon\"\n                                         style=\"background-image: url('\/wp-content\/themes\/gima\/includes\/images\/info.svg');\"><\/div>\n                                <\/div>\n                                <div class=\"title\">\n                                    CERPIANO+ Titanium gray grooved                                <\/div>\n                            <\/div>\n                        <\/div>\n                                    <\/div>\n                <div class=\"arrows-farben-slider\">\n                    <button class=\"prev slick-arrow\"><\/button>\n                    <button class=\"next slick-arrow\"><\/button>\n                <\/div>\n            <\/div>\n        <\/div>\n    <\/div>\n            <script>\n            jQuery(document).ready(function ($) {\n\n                $('.preview-slider').slick({\n                    slidesToShow: 1,\n                    slidesToScroll: 1,\n                    arrows: false,\n                    fade: true,\n                    asNavFor: '.farben-slider'\n                });\n                $('.farben-slider').slick({\n                    slidesToShow: 4,\n                    slidesToScroll: 1,\n                    asNavFor: '.preview-slider',\n                    dots: false,\n                    centerMode: false,\n                    focusOnSelect: true,\n                    arrows: true,\n                    prevArrow: $('.arrows-farben-slider .prev'),\n                    nextArrow: $('.arrows-farben-slider .next'),\n                    responsive: [\n                        {\n                            breakpoint: 1300,\n                            settings: {\n                                slidesToShow: 3,\n                                slidesToScroll: 1,\n                                centerMode: false\n                            },\n                        },\n                        {\n                            breakpoint: 980,\n                            settings: {\n                                slidesToShow: 2,\n                                slidesToScroll: 1,\n                                centerMode: false\n                            },\n                        },\n                        {\n                            breakpoint: 650,\n                            settings: {\n                                slidesToShow: 1,\n                                slidesToScroll: 1,\n                                centerMode: false\n                            },\n                        }\n                    ]\n                });\n\n            });\n        <\/script>\n    \n    [\/vc_column][\/vc_row][\/vc_section][vc_section][vc_row el_id=&#8221;referenzen&#8221;][vc_column]\n    <div class=\"heading heading-widget\">\n        <p class=\"pre-headline\">Unique places<\/p>\n\t\t            <h2>Reference projects<\/h2>\n\t\t    <\/div>\n\n\n\t\n    <div class=\"referenzen-grid\">\n                        <div class=\"row-1\">\n            \n            <div class=\"referenz-item nth-child-1\">\n                <a href=\"https:\/\/www.gima-ziegel.de\/en\/referenzen\/parque-de-la-musica\/\">\n                    <div class=\"image\">\n                        <img loading=\"lazy\" decoding=\"async\" width=\"1300\" height=\"702\" src=\"https:\/\/www.gima-ziegel.de\/wp-content\/uploads\/Sevilla_-Music-Park_04_20120714_P.-F.Diaz-Fierros.jpg\" class=\"attachment-full size-full\" alt=\"\" srcset=\"https:\/\/www.gima-ziegel.de\/wp-content\/uploads\/Sevilla_-Music-Park_04_20120714_P.-F.Diaz-Fierros.jpg 1300w, https:\/\/www.gima-ziegel.de\/wp-content\/uploads\/Sevilla_-Music-Park_04_20120714_P.-F.Diaz-Fierros-300x162.jpg 300w, https:\/\/www.gima-ziegel.de\/wp-content\/uploads\/Sevilla_-Music-Park_04_20120714_P.-F.Diaz-Fierros-1024x553.jpg 1024w, https:\/\/www.gima-ziegel.de\/wp-content\/uploads\/Sevilla_-Music-Park_04_20120714_P.-F.Diaz-Fierros-768x415.jpg 768w\" sizes=\"auto, (max-width: 1300px) 100vw, 1300px\" \/>                        <div class=\"image-copyright\">Pablo F. D\u00edaz-Fierros<\/div>\n                    <\/div>\n                    <div class=\"info-wrapper\">\n                        <div class=\"info\">\n                            <div class=\"link-icon\" style=\"background-image: url('\/wp-content\/themes\/gima\/includes\/images\/link-white.svg')\"><\/div>\n                            <div class=\"title\">Parque de la Musica, Sevilla<\/div>\n                            <div class=\"architect\"> Studio Costa-Fierros, Sevilla<\/div>\n                        <\/div>\n                    <\/div>\n                <\/a>\n            <\/div>\n\n                            <div class=\"item-2\">\n            \n            <div class=\"referenz-item nth-child-2\">\n                <a href=\"https:\/\/www.gima-ziegel.de\/en\/referenzen\/kindergarten\/\">\n                    <div class=\"image\">\n                        <img loading=\"lazy\" decoding=\"async\" width=\"1300\" height=\"700\" src=\"https:\/\/www.gima-ziegel.de\/wp-content\/uploads\/Geisenhausen_Kindergarten_WEB-CF019093_Alexander-Bernhard.jpg\" class=\"attachment-full size-full\" alt=\"\" srcset=\"https:\/\/www.gima-ziegel.de\/wp-content\/uploads\/Geisenhausen_Kindergarten_WEB-CF019093_Alexander-Bernhard.jpg 1300w, https:\/\/www.gima-ziegel.de\/wp-content\/uploads\/Geisenhausen_Kindergarten_WEB-CF019093_Alexander-Bernhard-300x162.jpg 300w, https:\/\/www.gima-ziegel.de\/wp-content\/uploads\/Geisenhausen_Kindergarten_WEB-CF019093_Alexander-Bernhard-1024x551.jpg 1024w, https:\/\/www.gima-ziegel.de\/wp-content\/uploads\/Geisenhausen_Kindergarten_WEB-CF019093_Alexander-Bernhard-768x414.jpg 768w\" sizes=\"auto, (max-width: 1300px) 100vw, 1300px\" \/>                        <div class=\"image-copyright\">Alexander Bernhard<\/div>\n                    <\/div>\n                    <div class=\"info-wrapper\">\n                        <div class=\"info\">\n                            <div class=\"link-icon\" style=\"background-image: url('\/wp-content\/themes\/gima\/includes\/images\/link-white.svg')\"><\/div>\n                            <div class=\"title\">Kindergarten, Geisenhausen<\/div>\n                            <div class=\"architect\"> L\u00e4ngst - die Landschaftsarchitekten, Landshut<\/div>\n                        <\/div>\n                    <\/div>\n                <\/a>\n            <\/div>\n\n            \n            <div class=\"referenz-item nth-child-3\">\n                <a href=\"https:\/\/www.gima-ziegel.de\/en\/referenzen\/geistlich-areal\/\">\n                    <div class=\"image\">\n                        <img loading=\"lazy\" decoding=\"async\" width=\"1300\" height=\"700\" src=\"https:\/\/www.gima-ziegel.de\/wp-content\/uploads\/CH_Schlieren_Geistlich-Areal-01_Fehlmann-AG.jpg\" class=\"attachment-full size-full\" alt=\"\" srcset=\"https:\/\/www.gima-ziegel.de\/wp-content\/uploads\/CH_Schlieren_Geistlich-Areal-01_Fehlmann-AG.jpg 1300w, https:\/\/www.gima-ziegel.de\/wp-content\/uploads\/CH_Schlieren_Geistlich-Areal-01_Fehlmann-AG-300x162.jpg 300w, https:\/\/www.gima-ziegel.de\/wp-content\/uploads\/CH_Schlieren_Geistlich-Areal-01_Fehlmann-AG-1024x551.jpg 1024w, https:\/\/www.gima-ziegel.de\/wp-content\/uploads\/CH_Schlieren_Geistlich-Areal-01_Fehlmann-AG-768x414.jpg 768w\" sizes=\"auto, (max-width: 1300px) 100vw, 1300px\" \/>                        <div class=\"image-copyright\">Fehlmann AG<\/div>\n                    <\/div>\n                    <div class=\"info-wrapper\">\n                        <div class=\"info\">\n                            <div class=\"link-icon\" style=\"background-image: url('\/wp-content\/themes\/gima\/includes\/images\/link-white.svg')\"><\/div>\n                            <div class=\"title\">Geistlich Areal, Schlieren<\/div>\n                            <div class=\"architect\"> Graber Pulver, CH-Z\u00fcrich<\/div>\n                        <\/div>\n                    <\/div>\n                <\/a>\n            <\/div>\n\n                                <\/div>\n                <\/div>\n                            <div class=\"row-2\">\n                    <div class=\"item-2\">\n            \n            <div class=\"referenz-item nth-child-4\">\n                <a href=\"https:\/\/www.gima-ziegel.de\/en\/referenzen\/schweiter-areal\/\">\n                    <div class=\"image\">\n                        <img loading=\"lazy\" decoding=\"async\" width=\"1300\" height=\"700\" src=\"https:\/\/www.gima-ziegel.de\/wp-content\/uploads\/1_CH_Horgen_Schweiter-Areal_DSC_6107_Peter-Hoffmann_Keller-Pfungen.jpg\" class=\"attachment-full size-full\" alt=\"\" srcset=\"https:\/\/www.gima-ziegel.de\/wp-content\/uploads\/1_CH_Horgen_Schweiter-Areal_DSC_6107_Peter-Hoffmann_Keller-Pfungen.jpg 1300w, https:\/\/www.gima-ziegel.de\/wp-content\/uploads\/1_CH_Horgen_Schweiter-Areal_DSC_6107_Peter-Hoffmann_Keller-Pfungen-300x162.jpg 300w, https:\/\/www.gima-ziegel.de\/wp-content\/uploads\/1_CH_Horgen_Schweiter-Areal_DSC_6107_Peter-Hoffmann_Keller-Pfungen-1024x551.jpg 1024w, https:\/\/www.gima-ziegel.de\/wp-content\/uploads\/1_CH_Horgen_Schweiter-Areal_DSC_6107_Peter-Hoffmann_Keller-Pfungen-768x414.jpg 768w\" sizes=\"auto, (max-width: 1300px) 100vw, 1300px\" \/>                        <div class=\"image-copyright\">Peter Hoffmann - Keller Pfungen<\/div>\n                    <\/div>\n                    <div class=\"info-wrapper\">\n                        <div class=\"info\">\n                            <div class=\"link-icon\" style=\"background-image: url('\/wp-content\/themes\/gima\/includes\/images\/link-white.svg')\"><\/div>\n                            <div class=\"title\">Schweiter Areal, Horgen \/ Oberdorf<\/div>\n                            <div class=\"architect\"> <\/div>\n                        <\/div>\n                    <\/div>\n                <\/a>\n            <\/div>\n\n            \n            <div class=\"referenz-item nth-child-5\">\n                <a href=\"https:\/\/www.gima-ziegel.de\/en\/referenzen\/quartier-am-tacheles\/\">\n                    <div class=\"image\">\n                        <img loading=\"lazy\" decoding=\"async\" width=\"1300\" height=\"700\" src=\"https:\/\/www.gima-ziegel.de\/wp-content\/uploads\/Berlin_Quartier-am-Tacheles_TK_2259_KoyWinkel-1.jpg\" class=\"attachment-full size-full\" alt=\"\" srcset=\"https:\/\/www.gima-ziegel.de\/wp-content\/uploads\/Berlin_Quartier-am-Tacheles_TK_2259_KoyWinkel-1.jpg 1300w, https:\/\/www.gima-ziegel.de\/wp-content\/uploads\/Berlin_Quartier-am-Tacheles_TK_2259_KoyWinkel-1-300x162.jpg 300w, https:\/\/www.gima-ziegel.de\/wp-content\/uploads\/Berlin_Quartier-am-Tacheles_TK_2259_KoyWinkel-1-1024x551.jpg 1024w, https:\/\/www.gima-ziegel.de\/wp-content\/uploads\/Berlin_Quartier-am-Tacheles_TK_2259_KoyWinkel-1-768x414.jpg 768w\" sizes=\"auto, (max-width: 1300px) 100vw, 1300px\" \/>                        <div class=\"image-copyright\">Koy + Winkel<\/div>\n                    <\/div>\n                    <div class=\"info-wrapper\">\n                        <div class=\"info\">\n                            <div class=\"link-icon\" style=\"background-image: url('\/wp-content\/themes\/gima\/includes\/images\/link-white.svg')\"><\/div>\n                            <div class=\"title\">Quartier am Tacheles, Berlin<\/div>\n                            <div class=\"architect\"> Herzog & de Meuron, Basel in collaboration with Vogt Landschaftsarchitekten, Berlin<\/div>\n                        <\/div>\n                    <\/div>\n                <\/a>\n            <\/div>\n\n                            <\/div>\n            \n            <div class=\"referenz-item nth-child-6\">\n                <a href=\"https:\/\/www.gima-ziegel.de\/en\/referenzen\/kindergarten\/\">\n                    <div class=\"image\">\n                        <img loading=\"lazy\" decoding=\"async\" width=\"1300\" height=\"700\" src=\"https:\/\/www.gima-ziegel.de\/wp-content\/uploads\/Geisenhausen_Kindergarten_WEB-CF019093_Alexander-Bernhard.jpg\" class=\"attachment-full size-full\" alt=\"\" srcset=\"https:\/\/www.gima-ziegel.de\/wp-content\/uploads\/Geisenhausen_Kindergarten_WEB-CF019093_Alexander-Bernhard.jpg 1300w, https:\/\/www.gima-ziegel.de\/wp-content\/uploads\/Geisenhausen_Kindergarten_WEB-CF019093_Alexander-Bernhard-300x162.jpg 300w, https:\/\/www.gima-ziegel.de\/wp-content\/uploads\/Geisenhausen_Kindergarten_WEB-CF019093_Alexander-Bernhard-1024x551.jpg 1024w, https:\/\/www.gima-ziegel.de\/wp-content\/uploads\/Geisenhausen_Kindergarten_WEB-CF019093_Alexander-Bernhard-768x414.jpg 768w\" sizes=\"auto, (max-width: 1300px) 100vw, 1300px\" \/>                        <div class=\"image-copyright\">Alexander Bernhard<\/div>\n                    <\/div>\n                    <div class=\"info-wrapper\">\n                        <div class=\"info\">\n                            <div class=\"link-icon\" style=\"background-image: url('\/wp-content\/themes\/gima\/includes\/images\/link-white.svg')\"><\/div>\n                            <div class=\"title\">Kindergarten, Geisenhausen<\/div>\n                            <div class=\"architect\"> L\u00e4ngst - die Landschaftsarchitekten, Landshut<\/div>\n                        <\/div>\n                    <\/div>\n                <\/a>\n            <\/div>\n\n                            <\/div>\n                <\/div>\n\n    [\/vc_column][\/vc_row][\/vc_section][vc_section full_width=&#8221;stretch_row&#8221; el_class=&#8221;grey-section-and-after&#8221; el_id=&#8221;klinkerwissen&#8221;][vc_row full_width=&#8221;stretch_row&#8221; css=&#8221;.vc_custom_1591700733788{background-position: center !important;background-repeat: no-repeat !important;background-size: contain !important;}&#8221;][vc_column]    <div class=\"three-column-button-wrapper\">\n        <div class=\"first-column-wrapper column\">\n            <div class=\"heading\">\n                <p class=\"pre-headline\">More in-depth<\/p>\n                                    <h2>Ceramics expertise<\/h2>\n                            <\/div>\n            <div class=\"text-wrapper bold-text\">\n                <p><\/p>\n            <\/div>\n            <div class=\"button-wrapper\">\n                                    <a class=\"button-one bld-btn\" href=\"https:\/\/www.gima-ziegel.de\/en\/project-advice\/\" target=\"\">\n                        + Project advice                    <\/a><br\/>\n                                                    <a class=\"button-two bld-btn\" href=\"\/en\/technical-knowledge-of-floors\" target=\"\">\n                        + Technical knowledge of floors                    <\/a>\n                            <\/div>\n        <\/div>\n        <div class=\"other-columns column\">\n            <div class=\"text-wrapper\">\n                <p>GIMA patio tiles are governed by the \u201cOriginal patio tiles \u2013 tested quality\u201d quality kitemark and therefore assure ultimate standards of quality and optimum product reliability and value retention.<br \/>\nThis is assured through compliance with the highest requirements classes defined in DIN EN 1344 for paver bricks, paver ceramics quality in accordance with DIN 18 503 and regular and independent goods monitoring to assure product properties.<\/p>\n<p>Here you can obtain a more in-depth insight into the subject of patio tiles and ceramic floor solutions. What exactly happens in the firing process? What can be done to influence the colour shades of these products? And how can GIMA assist me with project planning? Discover condensed expertise: through the planning process, the manufacturing process and our service concept.<\/p>\n            <\/div>\n        <\/div>\n        <div class=\"clearfix\"><\/div>\n        <div class=\"other-columns-mobile\">\n            <div class=\"text-wrapper\">\n                <p>GIMA patio tiles are governed by the \u201cOriginal patio tiles \u2013 tested quality\u201d quality kitemark and therefore assure ultimate standards of quality and optimum product reliability and value retention.<br \/>\nThis is assured through compliance with the highest requirements classes defined in DIN EN 1344 for paver bricks, paver ceramics quality in accordance with DIN 18 503 and regular and independent goods monitoring to assure product properties.<\/p>\n<p>Here you can obtain a more in-depth insight into the subject of patio tiles and ceramic floor solutions. What exactly happens in the firing process? What can be done to influence the colour shades of these products? And how can GIMA assist me with project planning? Discover condensed expertise: through the planning process, the manufacturing process and our service concept.<\/p>\n            <\/div>\n            <div class=\"bld-btn\">Weiterlesen<\/div>\n        <\/div>\n        <div class=\"clearfix\"><\/div>\n    <\/div>\n\n    [\/vc_column][\/vc_row][\/vc_section][vc_section][vc_row][vc_column][vc_column_text el_class=&#8221;big-text bold-text&#8221;]<\/p>\n<p style=\"text-align: center;\"><span>You will find more information in our <span style=\"text-decoration: underline;\"><a href=\"\/en\/download-bestellportal\/\">download area<\/a><\/span>.<br \/>\nIf you have any questions, please do not hesitate to contact us at any time.<\/span><\/p>\n<p>[\/vc_column_text]\n    <div class=\"spacer medium\"><\/div>\n\n\n    \n    <div class=\"bld-position\" style=\"text-align: center\">\n        <a class=\"bld-btn\"            href=\"\/en\/contact\/\">+ Contact<\/a>\n    <\/div>\n\n\n\t[\/vc_column][\/vc_row][\/vc_section]<\/p>\n<\/div>","protected":false},"excerpt":{"rendered":"<p>[vc_row full_width=&#8221;stretch_row_content_no_spaces&#8221;][vc_column][\/vc_column][\/vc_row][vc_section][vc_row el_id=&#8221;produktsortiment&#8221;][vc_column][\/vc_column][\/vc_row][vc_row][vc_column][vc_column_text]Let yourself be inspired by the variety of our product range. From bar format to square paving stones, from brick floor slab to our modern CERPIANO+ terrace system \u2013 with numerous formats and a wide and diverse range of colors, our ceramic products can be used in almost all areas associated with the &hellip; <\/p>\n<p class=\"link-more\"><a href=\"https:\/\/www.gima-ziegel.de\/en\/pavers-and-flooring\/\" class=\"more-link\">Continue reading<span class=\"screen-reader-text\"> &#8220;Pavers &#038; Flooring&#8221;<\/span><\/a><\/p>\n","protected":false},"author":1,"featured_media":750,"parent":0,"menu_order":35,"comment_status":"closed","ping_status":"closed","template":"","meta":{"_acf_changed":false,"footnotes":""},"class_list":["post-6139","page","type-page","status-publish","has-post-thumbnail","hentry"],"acf":[],"yoast_head":"<!-- This site is optimized with the Yoast SEO plugin v27.5 - https:\/\/yoast.com\/product\/yoast-seo-wordpress\/ -->\n<title>GIMA - Qualit\u00e4t aus Ton | Pflasterklinker mit Format f\u00fcr den Boden<\/title>\n<meta name=\"description\" content=\"Pflasterklinker und Bodenl\u00f6sungen aus Ton halten h\u00f6chsten Anspr\u00fcchen stand und \u00fcberzeugen mit individuellen Gestaltungsm\u00f6glichkeiten.\" \/>\n<meta name=\"robots\" content=\"index, follow, max-snippet:-1, max-image-preview:large, max-video-preview:-1\" \/>\n<link rel=\"canonical\" href=\"https:\/\/www.gima-ziegel.de\/en\/pavers-and-flooring\/\" \/>\n<meta property=\"og:locale\" content=\"en_US\" \/>\n<meta property=\"og:type\" content=\"article\" \/>\n<meta property=\"og:title\" content=\"GIMA - Qualit\u00e4t aus Ton | Pflasterklinker mit Format f\u00fcr den Boden\" \/>\n<meta property=\"og:description\" content=\"Pflasterklinker und Bodenl\u00f6sungen aus Ton halten h\u00f6chsten Anspr\u00fcchen stand und \u00fcberzeugen mit individuellen Gestaltungsm\u00f6glichkeiten.\" \/>\n<meta property=\"og:url\" content=\"https:\/\/www.gima-ziegel.de\/en\/pavers-and-flooring\/\" \/>\n<meta property=\"og:site_name\" content=\"Gima\" \/>\n<meta property=\"article:modified_time\" content=\"2025-03-27T07:40:12+00:00\" \/>\n<meta property=\"og:image\" content=\"https:\/\/www.gima-ziegel.de\/wp-content\/uploads\/0422_gima_web.jpg\" \/>\n\t<meta property=\"og:image:width\" content=\"1200\" \/>\n\t<meta property=\"og:image:height\" content=\"814\" \/>\n\t<meta property=\"og:image:type\" content=\"image\/jpeg\" \/>\n<meta name=\"twitter:card\" content=\"summary_large_image\" \/>\n<meta name=\"twitter:label1\" content=\"Est. reading time\" \/>\n\t<meta name=\"twitter:data1\" content=\"4 minutes\" \/>\n<script type=\"application\/ld+json\" class=\"yoast-schema-graph\">{\"@context\":\"https:\\\/\\\/schema.org\",\"@graph\":[{\"@type\":\"WebPage\",\"@id\":\"https:\\\/\\\/www.gima-ziegel.de\\\/en\\\/pavers-and-flooring\\\/\",\"url\":\"https:\\\/\\\/www.gima-ziegel.de\\\/en\\\/pavers-and-flooring\\\/\",\"name\":\"GIMA - Qualit\u00e4t aus Ton | Pflasterklinker mit Format f\u00fcr den Boden\",\"isPartOf\":{\"@id\":\"https:\\\/\\\/www.gima-ziegel.de\\\/en\\\/#website\"},\"primaryImageOfPage\":{\"@id\":\"https:\\\/\\\/www.gima-ziegel.de\\\/en\\\/pavers-and-flooring\\\/#primaryimage\"},\"image\":{\"@id\":\"https:\\\/\\\/www.gima-ziegel.de\\\/en\\\/pavers-and-flooring\\\/#primaryimage\"},\"thumbnailUrl\":\"https:\\\/\\\/www.gima-ziegel.de\\\/wp-content\\\/uploads\\\/0422_gima_web.jpg\",\"datePublished\":\"2020-06-16T15:13:03+00:00\",\"dateModified\":\"2025-03-27T07:40:12+00:00\",\"description\":\"Pflasterklinker und Bodenl\u00f6sungen aus Ton halten h\u00f6chsten Anspr\u00fcchen stand und \u00fcberzeugen mit individuellen Gestaltungsm\u00f6glichkeiten.\",\"breadcrumb\":{\"@id\":\"https:\\\/\\\/www.gima-ziegel.de\\\/en\\\/pavers-and-flooring\\\/#breadcrumb\"},\"inLanguage\":\"en-US\",\"potentialAction\":[{\"@type\":\"ReadAction\",\"target\":[\"https:\\\/\\\/www.gima-ziegel.de\\\/en\\\/pavers-and-flooring\\\/\"]}]},{\"@type\":\"ImageObject\",\"inLanguage\":\"en-US\",\"@id\":\"https:\\\/\\\/www.gima-ziegel.de\\\/en\\\/pavers-and-flooring\\\/#primaryimage\",\"url\":\"https:\\\/\\\/www.gima-ziegel.de\\\/wp-content\\\/uploads\\\/0422_gima_web.jpg\",\"contentUrl\":\"https:\\\/\\\/www.gima-ziegel.de\\\/wp-content\\\/uploads\\\/0422_gima_web.jpg\",\"width\":1200,\"height\":814,\"caption\":\"Toni Ott\"},{\"@type\":\"BreadcrumbList\",\"@id\":\"https:\\\/\\\/www.gima-ziegel.de\\\/en\\\/pavers-and-flooring\\\/#breadcrumb\",\"itemListElement\":[{\"@type\":\"ListItem\",\"position\":1,\"name\":\"Startseite\",\"item\":\"https:\\\/\\\/www.gima-ziegel.de\\\/en\\\/\"},{\"@type\":\"ListItem\",\"position\":2,\"name\":\"Pavers &#038; Flooring\"}]},{\"@type\":\"WebSite\",\"@id\":\"https:\\\/\\\/www.gima-ziegel.de\\\/en\\\/#website\",\"url\":\"https:\\\/\\\/www.gima-ziegel.de\\\/en\\\/\",\"name\":\"Gima\",\"description\":\"Qualit\u00e4t aus Ton\",\"potentialAction\":[{\"@type\":\"SearchAction\",\"target\":{\"@type\":\"EntryPoint\",\"urlTemplate\":\"https:\\\/\\\/www.gima-ziegel.de\\\/en\\\/?s={search_term_string}\"},\"query-input\":{\"@type\":\"PropertyValueSpecification\",\"valueRequired\":true,\"valueName\":\"search_term_string\"}}],\"inLanguage\":\"en-US\"}]}<\/script>\n<!-- \/ Yoast SEO plugin. -->","yoast_head_json":{"title":"GIMA - Qualit\u00e4t aus Ton | Pflasterklinker mit Format f\u00fcr den Boden","description":"Pflasterklinker und Bodenl\u00f6sungen aus Ton halten h\u00f6chsten Anspr\u00fcchen stand und \u00fcberzeugen mit individuellen Gestaltungsm\u00f6glichkeiten.","robots":{"index":"index","follow":"follow","max-snippet":"max-snippet:-1","max-image-preview":"max-image-preview:large","max-video-preview":"max-video-preview:-1"},"canonical":"https:\/\/www.gima-ziegel.de\/en\/pavers-and-flooring\/","og_locale":"en_US","og_type":"article","og_title":"GIMA - Qualit\u00e4t aus Ton | Pflasterklinker mit Format f\u00fcr den Boden","og_description":"Pflasterklinker und Bodenl\u00f6sungen aus Ton halten h\u00f6chsten Anspr\u00fcchen stand und \u00fcberzeugen mit individuellen Gestaltungsm\u00f6glichkeiten.","og_url":"https:\/\/www.gima-ziegel.de\/en\/pavers-and-flooring\/","og_site_name":"Gima","article_modified_time":"2025-03-27T07:40:12+00:00","og_image":[{"width":1200,"height":814,"url":"https:\/\/www.gima-ziegel.de\/wp-content\/uploads\/0422_gima_web.jpg","type":"image\/jpeg"}],"twitter_card":"summary_large_image","twitter_misc":{"Est. reading time":"4 minutes"},"schema":{"@context":"https:\/\/schema.org","@graph":[{"@type":"WebPage","@id":"https:\/\/www.gima-ziegel.de\/en\/pavers-and-flooring\/","url":"https:\/\/www.gima-ziegel.de\/en\/pavers-and-flooring\/","name":"GIMA - Qualit\u00e4t aus Ton | Pflasterklinker mit Format f\u00fcr den Boden","isPartOf":{"@id":"https:\/\/www.gima-ziegel.de\/en\/#website"},"primaryImageOfPage":{"@id":"https:\/\/www.gima-ziegel.de\/en\/pavers-and-flooring\/#primaryimage"},"image":{"@id":"https:\/\/www.gima-ziegel.de\/en\/pavers-and-flooring\/#primaryimage"},"thumbnailUrl":"https:\/\/www.gima-ziegel.de\/wp-content\/uploads\/0422_gima_web.jpg","datePublished":"2020-06-16T15:13:03+00:00","dateModified":"2025-03-27T07:40:12+00:00","description":"Pflasterklinker und Bodenl\u00f6sungen aus Ton halten h\u00f6chsten Anspr\u00fcchen stand und \u00fcberzeugen mit individuellen Gestaltungsm\u00f6glichkeiten.","breadcrumb":{"@id":"https:\/\/www.gima-ziegel.de\/en\/pavers-and-flooring\/#breadcrumb"},"inLanguage":"en-US","potentialAction":[{"@type":"ReadAction","target":["https:\/\/www.gima-ziegel.de\/en\/pavers-and-flooring\/"]}]},{"@type":"ImageObject","inLanguage":"en-US","@id":"https:\/\/www.gima-ziegel.de\/en\/pavers-and-flooring\/#primaryimage","url":"https:\/\/www.gima-ziegel.de\/wp-content\/uploads\/0422_gima_web.jpg","contentUrl":"https:\/\/www.gima-ziegel.de\/wp-content\/uploads\/0422_gima_web.jpg","width":1200,"height":814,"caption":"Toni Ott"},{"@type":"BreadcrumbList","@id":"https:\/\/www.gima-ziegel.de\/en\/pavers-and-flooring\/#breadcrumb","itemListElement":[{"@type":"ListItem","position":1,"name":"Startseite","item":"https:\/\/www.gima-ziegel.de\/en\/"},{"@type":"ListItem","position":2,"name":"Pavers &#038; Flooring"}]},{"@type":"WebSite","@id":"https:\/\/www.gima-ziegel.de\/en\/#website","url":"https:\/\/www.gima-ziegel.de\/en\/","name":"Gima","description":"Qualit\u00e4t aus Ton","potentialAction":[{"@type":"SearchAction","target":{"@type":"EntryPoint","urlTemplate":"https:\/\/www.gima-ziegel.de\/en\/?s={search_term_string}"},"query-input":{"@type":"PropertyValueSpecification","valueRequired":true,"valueName":"search_term_string"}}],"inLanguage":"en-US"}]}},"_links":{"self":[{"href":"https:\/\/www.gima-ziegel.de\/en\/wp-json\/wp\/v2\/pages\/6139","targetHints":{"allow":["GET"]}}],"collection":[{"href":"https:\/\/www.gima-ziegel.de\/en\/wp-json\/wp\/v2\/pages"}],"about":[{"href":"https:\/\/www.gima-ziegel.de\/en\/wp-json\/wp\/v2\/types\/page"}],"author":[{"embeddable":true,"href":"https:\/\/www.gima-ziegel.de\/en\/wp-json\/wp\/v2\/users\/1"}],"replies":[{"embeddable":true,"href":"https:\/\/www.gima-ziegel.de\/en\/wp-json\/wp\/v2\/comments?post=6139"}],"version-history":[{"count":49,"href":"https:\/\/www.gima-ziegel.de\/en\/wp-json\/wp\/v2\/pages\/6139\/revisions"}],"predecessor-version":[{"id":14389,"href":"https:\/\/www.gima-ziegel.de\/en\/wp-json\/wp\/v2\/pages\/6139\/revisions\/14389"}],"wp:featuredmedia":[{"embeddable":true,"href":"https:\/\/www.gima-ziegel.de\/en\/wp-json\/wp\/v2\/media\/750"}],"wp:attachment":[{"href":"https:\/\/www.gima-ziegel.de\/en\/wp-json\/wp\/v2\/media?parent=6139"}],"curies":[{"name":"wp","href":"https:\/\/api.w.org\/{rel}","templated":true}]}}