{"id":6204,"date":"2020-06-12T06:47:44","date_gmt":"2020-06-12T04:47:44","guid":{"rendered":"https:\/\/www.gima-ziegel.de\/produkte\/klinker-nf-df\/"},"modified":"2025-02-27T11:22:09","modified_gmt":"2025-02-27T10:22:09","slug":"nf-df-bricks","status":"publish","type":"produkte","link":"https:\/\/www.gima-ziegel.de\/en\/produkte\/nf-df-bricks\/","title":{"rendered":"NF &#038; DF bricks"},"content":{"rendered":"<div class=\"wpb-content-wrapper\"><p>[vc_section el_class=&#8221;gima-produkt-scroll&#8221;][vc_row content_placement=&#8221;middle&#8221;][vc_column width=&#8221;6\/12&#8243;]\n    <div class=\"heading heading-widget\">\n        <p class=\"pre-headline\"><\/p>\n\t\t            <h1>The NF bricks<\/h1>\n\t\t    <\/div>\n\n\n\t[vc_column_text]Bricks in what is known as Normal Format (NF) always have dimensions of 240 x 115 x 71 mm, or in Thin Format (DF) 240 x 115 x 52 mm. As a standard-compliant brick construction material in acc. with DIN EN 771-1 respectively, the values of which GIMA bricks invariably outperforms, all of our ceramic products are totally frost-resistant and free of harmful or bloom-capable substances.<\/p>\n<p id=\"tw-target-text\" class=\"tw-data-text tw-text-large XcVN5d tw-ta\" dir=\"ltr\" data-placeholder=\"\u00dcbersetzung\"><span>We produce full bricks (KMz) with a brick density of at least 1.8 kg\/dm\u00b3 and a perforation of less than or equal to 15% as well as perforated bricks (KHLz) with a perforation greater than or equal to 15% with a brick density of 1.6 or 1.8 kg\/dm\u00b3 .<\/span><\/p>\n<pre id=\"tw-target-text\" class=\"tw-data-text tw-text-large XcVN5d tw-ta\" dir=\"ltr\" data-placeholder=\"\u00dcbersetzung\"><\/pre>\n<p>[\/vc_column_text][\/vc_column][vc_column width=&#8221;1\/12&#8243;][\/vc_column][vc_column width=&#8221;5\/12&#8243;][vc_single_image image=&#8221;1173&#8243; img_size=&#8221;full&#8221;][\/vc_column][\/vc_row][vc_row][vc_column]\n    <div class=\"spacer small\"><\/div>\n\n\n    \n    <div class=\"bld-position\" style=\"text-align: left\">\n\t\t\n    <a class=\"bld-btn\"        href=\"\/en\/produkte\/nf-tf-ceramics\/#formate\">+ Formats<\/a>\n\n\t\n    <a class=\"bld-btn\"        href=\"\/en\/produkte\/nf-tf-ceramics\/#farbvielfalt\">+ Color variety<\/a>\n\n\t\n    <a class=\"bld-btn\"        href=\"\/en\/produkte\/nf-tf-ceramics\/#referenzen\">+ References<\/a>\n\n\t\n    <a class=\"bld-btn\"        href=\"\/en\/produkte\/nf-tf-ceramics\/#technischedaten\">+ Technical data<\/a>\n\n\t    <\/div>\n\n\t[\/vc_column][\/vc_row][\/vc_section][vc_section full_width=&#8221;stretch_row&#8221; el_id=&#8221;formate&#8221;][vc_row][vc_column]\n    <div class=\"heading heading-widget\">\n        <p class=\"pre-headline\">Frequently used<\/p>\n\t\t            <h1>formats<\/h1>\n\t\t    <\/div>\n\n\n\t[vc_column_text]Here you can see an overview of commonly used formats for NF &amp; DF bricks, and the corresponding weight and approximate quantity required per square metre.[\/vc_column_text]\n    <div class=\"spacer small\"><\/div>\n\n\n    [vc_column_text]\n<table id=\"tablepress-28\" class=\"tablepress tablepress-id-28\">\n<tbody>\n<tr class=\"row-1\">\n\t<td class=\"column-1\"><strong>NF &amp; DF  Bricks<br \/>\nFormat in mm <\/strong><\/td><td class=\"column-2\"><strong> Approx. demand per m\u00b2<\/strong><\/td><td class=\"column-3\"><strong> Weight in<br \/>\nkg\/piece<\/strong><\/td>\n<\/tr>\n<tr class=\"row-2\">\n\t<td class=\"column-1\">240\/115\/52<\/td><td class=\"column-2\">66<\/td><td class=\"column-3\">2,5<\/td>\n<\/tr>\n<tr class=\"row-3\">\n\t<td class=\"column-1\">240\/115\/71<\/td><td class=\"column-2\">50<\/td><td class=\"column-3\">3,65<\/td>\n<\/tr>\n<tr class=\"row-4\">\n\t<td class=\"column-1\">240\/115\/113<\/td><td class=\"column-2\">33<\/td><td class=\"column-3\">5,5<\/td>\n<\/tr>\n<tr class=\"row-5\">\n\t<td class=\"column-1\">240\/175\/113<\/td><td class=\"column-2\">33<\/td><td class=\"column-3\">8,5<\/td>\n<\/tr>\n<\/tbody>\n<\/table>\n<!-- #tablepress-28 from cache -->[\/vc_column_text][vc_column_text el_class=&#8221;table-scroll-info&#8221;]<\/p>\n<p style=\"text-align: center;\"><strong>Scroll right for more information &gt;<\/strong><\/p>\n<p>[\/vc_column_text]\n    <div class=\"spacer small\"><\/div>\n\n\n    [vc_column_text]Depending on the building requirements we produce every special shape precisely in accordance with the wishes of the planner. Discover our product overview for the facade with many other possible applications for classic bricks.[\/vc_column_text]\n    <div class=\"spacer small\"><\/div>\n\n\n    \n    <div class=\"bld-position\" style=\"text-align: left\">\n        <a class=\"bld-btn\"            href=\"\/en\/fassade\/#produktsortiment\">+ Overview of facade products<\/a>\n    <\/div>\n\n\n\t[\/vc_column][\/vc_row][\/vc_section][vc_section full_width=&#8221;stretch_row&#8221; el_id=&#8221;farbvielfalt&#8221;][vc_row full_width=&#8221;stretch_row_content_no_spaces&#8221;][vc_column]\n    <div class=\"vc-farbvielfalt-wrapper\">\n        <div class=\"preview-text-wrapper\">\n            <div class=\"preview-slider\">\n                                    <div class=\"farbe\">\n                        <img loading=\"lazy\" decoding=\"async\" width=\"1000\" height=\"650\" src=\"https:\/\/www.gima-ziegel.de\/wp-content\/uploads\/r_Breno-FKS_Zuschnitt_Toni-Ott-1000x650.jpg\" class=\"attachment-bold-farbe-big size-bold-farbe-big\" alt=\"r_Breno-FKS_Zuschnitt_Toni-Ott\" \/>                    <\/div>\n                                    <div class=\"farbe\">\n                        <img loading=\"lazy\" decoding=\"async\" width=\"1000\" height=\"650\" src=\"https:\/\/www.gima-ziegel.de\/wp-content\/uploads\/g_Paese-RF_Zuschnitt_Toni-Ott-1000x650.jpg\" class=\"attachment-bold-farbe-big size-bold-farbe-big\" alt=\"g_Paese-RF_Zuschnitt_Toni-Ott\" \/>                    <\/div>\n                                    <div class=\"farbe\">\n                        <img loading=\"lazy\" decoding=\"async\" width=\"1000\" height=\"650\" src=\"https:\/\/www.gima-ziegel.de\/wp-content\/uploads\/g_Pisa_FK50fua_glatt_Zuschnitt_Toni-Ott-1000x650.jpg\" class=\"attachment-bold-farbe-big size-bold-farbe-big\" alt=\"g_Pisa_FK50fua_glatt_Zuschnitt_Toni-Ott\" \/>                    <\/div>\n                                    <div class=\"farbe\">\n                        <img loading=\"lazy\" decoding=\"async\" width=\"1000\" height=\"650\" src=\"https:\/\/www.gima-ziegel.de\/wp-content\/uploads\/s_Feletto-NF_Zuschnitt_Toni-Ott-1000x650.jpg\" class=\"attachment-bold-farbe-big size-bold-farbe-big\" alt=\"s_Feletto-NF_Zuschnitt_Toni-Ott\" \/>                    <\/div>\n                                    <div class=\"farbe\">\n                        <img loading=\"lazy\" decoding=\"async\" width=\"1100\" height=\"650\" src=\"https:\/\/www.gima-ziegel.de\/wp-content\/uploads\/Fire-glazed_Portland_Web-Dunkel-31456_Alexander-Bernhard-1100x650.jpg\" class=\"attachment-bold-farbe-big size-bold-farbe-big\" alt=\"\" \/>                    <\/div>\n                            <\/div>\n            <div class=\"content-wrapper\">\n                <div class=\"container\">\n                    <div class=\"content\">\n                        <div class=\"heading\">\n                            <p class=\"pre-headline\">Limitless color variety<\/p>\n                                                            <h1>NF &amp; DF bricks<\/h1>\n                                                    <\/div>\n                        <div class=\"bold-text\">\n                            <p>We can produce all ceramic products in your desired color and format. Here you can see a small selection of NF bricks in their various color variants.<\/p>\n                        <\/div>\n                        <div class=\"text\">\n                            <p>For facades, we only manufacture on a project-specific basis, and we consult with you about your desired color until we have achieved a perfect match with your wishes. Let yourself be inspired by our color overview and discover a selection of colors produced previously. Simply order a sample of your favorites or download our textures for renderings.<\/p>\n                        <\/div>\n                        <a class=\"bld-btn\" href=\"https:\/\/www.gima-ziegel.de\/en\/samples-and-textures\/?produktkategorie=bricks-and-facade#farblisting\">+ Color overview for facades<\/a>\n                        <a class=\"bld-btn\" href=\"https:\/\/www.gima-ziegel.de\/en\/projektberatung\/#entwicklungindivduell\">+ Color laboratory<\/a>\n                    <\/div>\n                    <div class=\"clearfix\"><\/div>\n                <\/div>\n            <\/div>\n        <\/div>\n        <div class=\"farben-slider-wrapper\">\n            <div class=\"container\">\n                <div class=\"farben-slider\">\n                                            <div class=\"farbe\">\n                            <img loading=\"lazy\" decoding=\"async\" width=\"300\" height=\"300\" src=\"https:\/\/www.gima-ziegel.de\/wp-content\/uploads\/r_Breno-FKS_Zuschnitt_Toni-Ott-300x300.jpg\" class=\"attachment-bold-farbe-small size-bold-farbe-small\" alt=\"r_Breno-FKS_Zuschnitt_Toni-Ott\" srcset=\"https:\/\/www.gima-ziegel.de\/wp-content\/uploads\/r_Breno-FKS_Zuschnitt_Toni-Ott-300x300.jpg 300w, https:\/\/www.gima-ziegel.de\/wp-content\/uploads\/r_Breno-FKS_Zuschnitt_Toni-Ott-150x150.jpg 150w, https:\/\/www.gima-ziegel.de\/wp-content\/uploads\/r_Breno-FKS_Zuschnitt_Toni-Ott-480x480.jpg 480w, https:\/\/www.gima-ziegel.de\/wp-content\/uploads\/r_Breno-FKS_Zuschnitt_Toni-Ott-310x310.jpg 310w\" sizes=\"auto, (max-width: 300px) 100vw, 300px\" \/>                            <div class=\"hover-wrapper\">\n                                <div class=\"link\">\n                                    <div class=\"link-icon\"\n                                         style=\"background-image: url('\/wp-content\/themes\/gima\/includes\/images\/info.svg');\"><\/div>\n                                <\/div>\n                                <div class=\"title\">\n                                    Breno FKS                                <\/div>\n                            <\/div>\n                        <\/div>\n                                            <div class=\"farbe\">\n                            <img loading=\"lazy\" decoding=\"async\" width=\"300\" height=\"300\" src=\"https:\/\/www.gima-ziegel.de\/wp-content\/uploads\/g_Paese-RF_Zuschnitt_Toni-Ott-300x300.jpg\" class=\"attachment-bold-farbe-small size-bold-farbe-small\" alt=\"g_Paese-RF_Zuschnitt_Toni-Ott\" srcset=\"https:\/\/www.gima-ziegel.de\/wp-content\/uploads\/g_Paese-RF_Zuschnitt_Toni-Ott-300x300.jpg 300w, https:\/\/www.gima-ziegel.de\/wp-content\/uploads\/g_Paese-RF_Zuschnitt_Toni-Ott-150x150.jpg 150w, https:\/\/www.gima-ziegel.de\/wp-content\/uploads\/g_Paese-RF_Zuschnitt_Toni-Ott-480x480.jpg 480w, https:\/\/www.gima-ziegel.de\/wp-content\/uploads\/g_Paese-RF_Zuschnitt_Toni-Ott-310x310.jpg 310w\" sizes=\"auto, (max-width: 300px) 100vw, 300px\" \/>                            <div class=\"hover-wrapper\">\n                                <div class=\"link\">\n                                    <div class=\"link-icon\"\n                                         style=\"background-image: url('\/wp-content\/themes\/gima\/includes\/images\/info.svg');\"><\/div>\n                                <\/div>\n                                <div class=\"title\">\n                                    Paese                                <\/div>\n                            <\/div>\n                        <\/div>\n                                            <div class=\"farbe\">\n                            <img loading=\"lazy\" decoding=\"async\" width=\"300\" height=\"300\" src=\"https:\/\/www.gima-ziegel.de\/wp-content\/uploads\/g_Pisa_FK50fua_glatt_Zuschnitt_Toni-Ott-300x300.jpg\" class=\"attachment-bold-farbe-small size-bold-farbe-small\" alt=\"g_Pisa_FK50fua_glatt_Zuschnitt_Toni-Ott\" srcset=\"https:\/\/www.gima-ziegel.de\/wp-content\/uploads\/g_Pisa_FK50fua_glatt_Zuschnitt_Toni-Ott-300x300.jpg 300w, https:\/\/www.gima-ziegel.de\/wp-content\/uploads\/g_Pisa_FK50fua_glatt_Zuschnitt_Toni-Ott-150x150.jpg 150w, https:\/\/www.gima-ziegel.de\/wp-content\/uploads\/g_Pisa_FK50fua_glatt_Zuschnitt_Toni-Ott-480x480.jpg 480w, https:\/\/www.gima-ziegel.de\/wp-content\/uploads\/g_Pisa_FK50fua_glatt_Zuschnitt_Toni-Ott-310x310.jpg 310w\" sizes=\"auto, (max-width: 300px) 100vw, 300px\" \/>                            <div class=\"hover-wrapper\">\n                                <div class=\"link\">\n                                    <div class=\"link-icon\"\n                                         style=\"background-image: url('\/wp-content\/themes\/gima\/includes\/images\/info.svg');\"><\/div>\n                                <\/div>\n                                <div class=\"title\">\n                                    Pisa FK                                <\/div>\n                            <\/div>\n                        <\/div>\n                                            <div class=\"farbe\">\n                            <img loading=\"lazy\" decoding=\"async\" width=\"300\" height=\"300\" src=\"https:\/\/www.gima-ziegel.de\/wp-content\/uploads\/s_Feletto-NF_Zuschnitt_Toni-Ott-300x300.jpg\" class=\"attachment-bold-farbe-small size-bold-farbe-small\" alt=\"s_Feletto-NF_Zuschnitt_Toni-Ott\" srcset=\"https:\/\/www.gima-ziegel.de\/wp-content\/uploads\/s_Feletto-NF_Zuschnitt_Toni-Ott-300x300.jpg 300w, https:\/\/www.gima-ziegel.de\/wp-content\/uploads\/s_Feletto-NF_Zuschnitt_Toni-Ott-150x150.jpg 150w, https:\/\/www.gima-ziegel.de\/wp-content\/uploads\/s_Feletto-NF_Zuschnitt_Toni-Ott-480x480.jpg 480w, https:\/\/www.gima-ziegel.de\/wp-content\/uploads\/s_Feletto-NF_Zuschnitt_Toni-Ott-310x310.jpg 310w\" sizes=\"auto, (max-width: 300px) 100vw, 300px\" \/>                            <div class=\"hover-wrapper\">\n                                <div class=\"link\">\n                                    <div class=\"link-icon\"\n                                         style=\"background-image: url('\/wp-content\/themes\/gima\/includes\/images\/info.svg');\"><\/div>\n                                <\/div>\n                                <div class=\"title\">\n                                    Feletto                                <\/div>\n                            <\/div>\n                        <\/div>\n                                            <div class=\"farbe\">\n                            <img loading=\"lazy\" decoding=\"async\" width=\"300\" height=\"300\" src=\"https:\/\/www.gima-ziegel.de\/wp-content\/uploads\/Fire-glazed_Portland_Web-Dunkel-31456_Alexander-Bernhard-300x300.jpg\" class=\"attachment-bold-farbe-small size-bold-farbe-small\" alt=\"\" srcset=\"https:\/\/www.gima-ziegel.de\/wp-content\/uploads\/Fire-glazed_Portland_Web-Dunkel-31456_Alexander-Bernhard-300x300.jpg 300w, https:\/\/www.gima-ziegel.de\/wp-content\/uploads\/Fire-glazed_Portland_Web-Dunkel-31456_Alexander-Bernhard-150x150.jpg 150w, https:\/\/www.gima-ziegel.de\/wp-content\/uploads\/Fire-glazed_Portland_Web-Dunkel-31456_Alexander-Bernhard-480x480.jpg 480w, https:\/\/www.gima-ziegel.de\/wp-content\/uploads\/Fire-glazed_Portland_Web-Dunkel-31456_Alexander-Bernhard-310x310.jpg 310w\" sizes=\"auto, (max-width: 300px) 100vw, 300px\" \/>                            <div class=\"hover-wrapper\">\n                                <div class=\"link\">\n                                    <div class=\"link-icon\"\n                                         style=\"background-image: url('\/wp-content\/themes\/gima\/includes\/images\/info.svg');\"><\/div>\n                                <\/div>\n                                <div class=\"title\">\n                                    Fire Glazed Portland                                <\/div>\n                            <\/div>\n                        <\/div>\n                                    <\/div>\n                <div class=\"arrows-farben-slider\">\n                    <button class=\"prev slick-arrow\"><\/button>\n                    <button class=\"next slick-arrow\"><\/button>\n                <\/div>\n            <\/div>\n        <\/div>\n    <\/div>\n            <script>\n            jQuery(document).ready(function ($) {\n\n                $('.preview-slider').slick({\n                    slidesToShow: 1,\n                    slidesToScroll: 1,\n                    arrows: false,\n                    fade: true,\n                    asNavFor: '.farben-slider'\n                });\n                $('.farben-slider').slick({\n                    slidesToShow: 4,\n                    slidesToScroll: 1,\n                    asNavFor: '.preview-slider',\n                    dots: false,\n                    centerMode: false,\n                    focusOnSelect: true,\n                    arrows: true,\n                    prevArrow: $('.arrows-farben-slider .prev'),\n                    nextArrow: $('.arrows-farben-slider .next'),\n                    responsive: [\n                        {\n                            breakpoint: 1300,\n                            settings: {\n                                slidesToShow: 3,\n                                slidesToScroll: 1,\n                                centerMode: false\n                            },\n                        },\n                        {\n                            breakpoint: 980,\n                            settings: {\n                                slidesToShow: 2,\n                                slidesToScroll: 1,\n                                centerMode: false\n                            },\n                        },\n                        {\n                            breakpoint: 650,\n                            settings: {\n                                slidesToShow: 1,\n                                slidesToScroll: 1,\n                                centerMode: false\n                            },\n                        }\n                    ]\n                });\n\n            });\n        <\/script>\n    \n    [\/vc_column][\/vc_row][\/vc_section][vc_row el_id=&#8221;referenzen&#8221;][vc_column]\n    <div class=\"heading heading-widget\">\n        <p class=\"pre-headline\">NF\/DF Bricks<\/p>\n\t\t            <h2>References<\/h2>\n\t\t    <\/div>\n\n\n\t\n    <div class=\"referenzen-grid\">\n                        <div class=\"row-1\">\n            \n            <div class=\"referenz-item nth-child-1\">\n                <a href=\"https:\/\/www.gima-ziegel.de\/en\/referenzen\/walther-meissner-bau-at-ptb-berlin\/\">\n                    <div class=\"image\">\n                        <img loading=\"lazy\" decoding=\"async\" width=\"1300\" height=\"700\" src=\"https:\/\/www.gima-ziegel.de\/wp-content\/uploads\/1_Berlin_Walther-Meissner-Bau_WMB_MWB_8175_KoyWinkel.jpg\" class=\"attachment-full size-full\" alt=\"\" srcset=\"https:\/\/www.gima-ziegel.de\/wp-content\/uploads\/1_Berlin_Walther-Meissner-Bau_WMB_MWB_8175_KoyWinkel.jpg 1300w, https:\/\/www.gima-ziegel.de\/wp-content\/uploads\/1_Berlin_Walther-Meissner-Bau_WMB_MWB_8175_KoyWinkel-300x162.jpg 300w, https:\/\/www.gima-ziegel.de\/wp-content\/uploads\/1_Berlin_Walther-Meissner-Bau_WMB_MWB_8175_KoyWinkel-1024x551.jpg 1024w, https:\/\/www.gima-ziegel.de\/wp-content\/uploads\/1_Berlin_Walther-Meissner-Bau_WMB_MWB_8175_KoyWinkel-768x414.jpg 768w\" sizes=\"auto, (max-width: 1300px) 100vw, 1300px\" \/>                        <div class=\"image-copyright\">Koy+Winkel<\/div>\n                    <\/div>\n                    <div class=\"info-wrapper\">\n                        <div class=\"info\">\n                            <div class=\"link-icon\" style=\"background-image: url('\/wp-content\/themes\/gima\/includes\/images\/link-white.svg')\"><\/div>\n                            <div class=\"title\">Walther-Meissner-Bau at PTB Berlin, Berlin<\/div>\n                            <div class=\"architect\"> Rohdecan Architekten GmbH, Dresden<\/div>\n                        <\/div>\n                    <\/div>\n                <\/a>\n            <\/div>\n\n                            <div class=\"item-2\">\n            \n            <div class=\"referenz-item nth-child-2\">\n                <a href=\"https:\/\/www.gima-ziegel.de\/en\/referenzen\/city-archiv\/\">\n                    <div class=\"image\">\n                        <img loading=\"lazy\" decoding=\"async\" width=\"1300\" height=\"700\" src=\"https:\/\/www.gima-ziegel.de\/wp-content\/uploads\/Balingen_Stadtarchiv_Druck5-CF046114_Alexander-Bernhard_lr.jpg\" class=\"attachment-full size-full\" alt=\"\" srcset=\"https:\/\/www.gima-ziegel.de\/wp-content\/uploads\/Balingen_Stadtarchiv_Druck5-CF046114_Alexander-Bernhard_lr.jpg 1300w, https:\/\/www.gima-ziegel.de\/wp-content\/uploads\/Balingen_Stadtarchiv_Druck5-CF046114_Alexander-Bernhard_lr-300x162.jpg 300w, https:\/\/www.gima-ziegel.de\/wp-content\/uploads\/Balingen_Stadtarchiv_Druck5-CF046114_Alexander-Bernhard_lr-1024x551.jpg 1024w, https:\/\/www.gima-ziegel.de\/wp-content\/uploads\/Balingen_Stadtarchiv_Druck5-CF046114_Alexander-Bernhard_lr-768x414.jpg 768w\" sizes=\"auto, (max-width: 1300px) 100vw, 1300px\" \/>                        <div class=\"image-copyright\">Alexander Bernhard<\/div>\n                    <\/div>\n                    <div class=\"info-wrapper\">\n                        <div class=\"info\">\n                            <div class=\"link-icon\" style=\"background-image: url('\/wp-content\/themes\/gima\/includes\/images\/link-white.svg')\"><\/div>\n                            <div class=\"title\">City archiv, Balingen<\/div>\n                            <div class=\"architect\"> Amt f\u00fcr Hochbau und Geb\u00e4udewirtschaft, Balingen<\/div>\n                        <\/div>\n                    <\/div>\n                <\/a>\n            <\/div>\n\n            \n            <div class=\"referenz-item nth-child-3\">\n                <a href=\"https:\/\/www.gima-ziegel.de\/en\/referenzen\/die-macherei-m6\/\">\n                    <div class=\"image\">\n                        <img loading=\"lazy\" decoding=\"async\" width=\"1300\" height=\"701\" src=\"https:\/\/www.gima-ziegel.de\/wp-content\/uploads\/Muenchen_Macherei_Web-CF032777_Alexander-Bernhard.jpg\" class=\"attachment-full size-full\" alt=\"\" srcset=\"https:\/\/www.gima-ziegel.de\/wp-content\/uploads\/Muenchen_Macherei_Web-CF032777_Alexander-Bernhard.jpg 1300w, https:\/\/www.gima-ziegel.de\/wp-content\/uploads\/Muenchen_Macherei_Web-CF032777_Alexander-Bernhard-300x162.jpg 300w, https:\/\/www.gima-ziegel.de\/wp-content\/uploads\/Muenchen_Macherei_Web-CF032777_Alexander-Bernhard-1024x552.jpg 1024w, https:\/\/www.gima-ziegel.de\/wp-content\/uploads\/Muenchen_Macherei_Web-CF032777_Alexander-Bernhard-768x414.jpg 768w\" sizes=\"auto, (max-width: 1300px) 100vw, 1300px\" \/>                        <div class=\"image-copyright\">Alexander Bernhard<\/div>\n                    <\/div>\n                    <div class=\"info-wrapper\">\n                        <div class=\"info\">\n                            <div class=\"link-icon\" style=\"background-image: url('\/wp-content\/themes\/gima\/includes\/images\/link-white.svg')\"><\/div>\n                            <div class=\"title\">Die Macherei M6, Munich<\/div>\n                            <div class=\"architect\"> OSA Ochs Schmidhuber Architekten GmbH, Munich<\/div>\n                        <\/div>\n                    <\/div>\n                <\/a>\n            <\/div>\n\n                                <\/div>\n                <\/div>\n                            <div class=\"row-2\">\n                    <div class=\"item-2\">\n            \n            <div class=\"referenz-item nth-child-4\">\n                <a href=\"https:\/\/www.gima-ziegel.de\/en\/referenzen\/fire-and-rescue-station\/\">\n                    <div class=\"image\">\n                        <img loading=\"lazy\" decoding=\"async\" width=\"1300\" height=\"700\" src=\"https:\/\/www.gima-ziegel.de\/wp-content\/uploads\/Wiesbaden-Igstadt-01_Peter-Strobel_BayerStrobel-Architekten.jpg\" class=\"attachment-full size-full\" alt=\"\" srcset=\"https:\/\/www.gima-ziegel.de\/wp-content\/uploads\/Wiesbaden-Igstadt-01_Peter-Strobel_BayerStrobel-Architekten.jpg 1300w, https:\/\/www.gima-ziegel.de\/wp-content\/uploads\/Wiesbaden-Igstadt-01_Peter-Strobel_BayerStrobel-Architekten-300x162.jpg 300w, https:\/\/www.gima-ziegel.de\/wp-content\/uploads\/Wiesbaden-Igstadt-01_Peter-Strobel_BayerStrobel-Architekten-1024x551.jpg 1024w, https:\/\/www.gima-ziegel.de\/wp-content\/uploads\/Wiesbaden-Igstadt-01_Peter-Strobel_BayerStrobel-Architekten-768x414.jpg 768w\" sizes=\"auto, (max-width: 1300px) 100vw, 1300px\" \/>                        <div class=\"image-copyright\">Peter Strobel, Bayer & Strobel Architekten<\/div>\n                    <\/div>\n                    <div class=\"info-wrapper\">\n                        <div class=\"info\">\n                            <div class=\"link-icon\" style=\"background-image: url('\/wp-content\/themes\/gima\/includes\/images\/link-white.svg')\"><\/div>\n                            <div class=\"title\">Fire and Rescue Station, Wiesbaden-Igstadt<\/div>\n                            <div class=\"architect\"> Bayer & Strobel Architekten, Kaiserslautern<\/div>\n                        <\/div>\n                    <\/div>\n                <\/a>\n            <\/div>\n\n            \n            <div class=\"referenz-item nth-child-5\">\n                <a href=\"https:\/\/www.gima-ziegel.de\/en\/referenzen\/extension-building-finanzamt\/\">\n                    <div class=\"image\">\n                        <img loading=\"lazy\" decoding=\"async\" width=\"1300\" height=\"700\" src=\"https:\/\/www.gima-ziegel.de\/wp-content\/uploads\/Zwickau_Finanzamt_Erweiterung_Teil1_2_Michael-Moser-Images.jpg\" class=\"attachment-full size-full\" alt=\"\" srcset=\"https:\/\/www.gima-ziegel.de\/wp-content\/uploads\/Zwickau_Finanzamt_Erweiterung_Teil1_2_Michael-Moser-Images.jpg 1300w, https:\/\/www.gima-ziegel.de\/wp-content\/uploads\/Zwickau_Finanzamt_Erweiterung_Teil1_2_Michael-Moser-Images-300x162.jpg 300w, https:\/\/www.gima-ziegel.de\/wp-content\/uploads\/Zwickau_Finanzamt_Erweiterung_Teil1_2_Michael-Moser-Images-1024x551.jpg 1024w, https:\/\/www.gima-ziegel.de\/wp-content\/uploads\/Zwickau_Finanzamt_Erweiterung_Teil1_2_Michael-Moser-Images-768x414.jpg 768w\" sizes=\"auto, (max-width: 1300px) 100vw, 1300px\" \/>                        <div class=\"image-copyright\">Michael Moser Images<\/div>\n                    <\/div>\n                    <div class=\"info-wrapper\">\n                        <div class=\"info\">\n                            <div class=\"link-icon\" style=\"background-image: url('\/wp-content\/themes\/gima\/includes\/images\/link-white.svg')\"><\/div>\n                            <div class=\"title\">Extension building Finanzamt, Zwickau<\/div>\n                            <div class=\"architect\"> Knoche Architekten, Leipzig<\/div>\n                        <\/div>\n                    <\/div>\n                <\/a>\n            <\/div>\n\n                            <\/div>\n            \n            <div class=\"referenz-item nth-child-6\">\n                <a href=\"https:\/\/www.gima-ziegel.de\/en\/referenzen\/sports-hall-with-culture-forum\/\">\n                    <div class=\"image\">\n                        <img loading=\"lazy\" decoding=\"async\" width=\"1290\" height=\"710\" src=\"https:\/\/www.gima-ziegel.de\/wp-content\/uploads\/0068_Hamburg_Bergedorf_Sporthalle_PR_Ralf-Buscher-002_web.jpg\" class=\"attachment-full size-full\" alt=\"\" srcset=\"https:\/\/www.gima-ziegel.de\/wp-content\/uploads\/0068_Hamburg_Bergedorf_Sporthalle_PR_Ralf-Buscher-002_web.jpg 1290w, https:\/\/www.gima-ziegel.de\/wp-content\/uploads\/0068_Hamburg_Bergedorf_Sporthalle_PR_Ralf-Buscher-002_web-300x165.jpg 300w, https:\/\/www.gima-ziegel.de\/wp-content\/uploads\/0068_Hamburg_Bergedorf_Sporthalle_PR_Ralf-Buscher-002_web-1024x564.jpg 1024w, https:\/\/www.gima-ziegel.de\/wp-content\/uploads\/0068_Hamburg_Bergedorf_Sporthalle_PR_Ralf-Buscher-002_web-768x423.jpg 768w\" sizes=\"auto, (max-width: 1290px) 100vw, 1290px\" \/>                        <div class=\"image-copyright\">Ralf Buscher I www.ralfbuscher.de<\/div>\n                    <\/div>\n                    <div class=\"info-wrapper\">\n                        <div class=\"info\">\n                            <div class=\"link-icon\" style=\"background-image: url('\/wp-content\/themes\/gima\/includes\/images\/link-white.svg')\"><\/div>\n                            <div class=\"title\">Sports hall with culture forum, Hamburg-Bergedorf<\/div>\n                            <div class=\"architect\"> BKS Architekten GmbH, Hamburg<\/div>\n                        <\/div>\n                    <\/div>\n                <\/a>\n            <\/div>\n\n                            <\/div>\n                <\/div>\n\n    \n    <div class=\"spacer medium\"><\/div>\n\n\n    [\/vc_column][\/vc_row][vc_row][vc_column][vc_column_text el_class=&#8221;big-text bold-text&#8221;]<\/p>\n<p style=\"text-align: center;\">Get a picture of our products on the completed building<br \/>\nand discover impressive references with brick facades.<\/p>\n<p>[\/vc_column_text]\n    <div class=\"spacer medium\"><\/div>\n\n\n    \n    <div class=\"bld-position\" style=\"text-align: center\">\n        <a class=\"bld-btn\"            href=\"\/en\/referenzen\">+ All references<\/a>\n    <\/div>\n\n\n\t\n    <div class=\"spacer big\"><\/div>\n\n\n    [\/vc_column][\/vc_row][vc_row el_id=&#8221;technischedaten&#8221;][vc_column]\n    <div class=\"heading heading-widget\">\n        <p class=\"pre-headline\">Relevant<\/p>\n\t\t            <h2>technical data<\/h2>\n\t\t    <\/div>\n\n\n\t\n    <div class=\"spacer small\"><\/div>\n\n\n    [vc_column_text]\n<table id=\"tablepress-27\" class=\"tablepress tablepress-id-27 tbody-has-connected-cells\">\n<tbody>\n<tr class=\"row-1\">\n\t<td class=\"column-1\"><strong>Technical Data<\/strong><\/td><td colspan=\"2\" class=\"column-2\"><strong>Minimum requirements according to DIN EN 771-1 and DIN 20000-401<\/strong><\/td><td class=\"column-4\"><strong> GIMA results \u200b\u200bfor extruded goods<\/strong><\/td>\n<\/tr>\n<tr class=\"row-2\">\n\t<td class=\"column-1\"><\/td><td class=\"column-2\">VMZ\/VHlz<\/td><td class=\"column-3\">KMZ\/KHlz<\/td><td class=\"column-4\"><\/td>\n<\/tr>\n<tr class=\"row-3\">\n\t<td class=\"column-1\">Compression strength <\/td><td class=\"column-2\">\u2265 4<\/td><td class=\"column-3\">\u2265 28<\/td><td class=\"column-4\">28 - 60<\/td>\n<\/tr>\n<tr class=\"row-4\">\n\t<td class=\"column-1\">Bulk density<\/td><td class=\"column-2\">-<\/td><td class=\"column-3\">> 1900 kg\/m<sup>3<\/sup><\/td><td class=\"column-4\">2000 - 2200 kg\/m<sup>3<\/sup><\/td>\n<\/tr>\n<tr class=\"row-5\">\n\t<td class=\"column-1\">Water suction <\/td><td class=\"column-2\">-<\/td><td class=\"column-3\">max. 6%<\/td><td class=\"column-4\">2-6% depending on color<\/td>\n<\/tr>\n<tr class=\"row-6\">\n\t<td class=\"column-1\">Frost resistance <\/td><td class=\"column-2\">required<\/td><td class=\"column-3\">required<\/td><td class=\"column-4\">prooved<\/td>\n<\/tr>\n<tr class=\"row-7\">\n\t<td class=\"column-1\">Content of active soluble salts<\/td><td class=\"column-2\">S2<\/td><td class=\"column-3\">S2<\/td><td class=\"column-4\">S3 ( less active soluble salts than in S2)<\/td>\n<\/tr>\n<tr class=\"row-8\">\n\t<td class=\"column-1\">Bulk density class<\/td><td class=\"column-2\">\u2265 0,8<\/td><td class=\"column-3\">\u2265 0,8<\/td><td class=\"column-4\">1,6-2,2<\/td>\n<\/tr>\n<\/tbody>\n<\/table>\n<!-- #tablepress-27 from cache -->[\/vc_column_text]\n    <div class=\"spacer small\"><\/div>\n\n\n    [\/vc_column][\/vc_row][vc_row][vc_column]\n    <div class=\"spacer big\"><\/div>\n\n\n        <div class=\"three-column-button-wrapper\">\n        <div class=\"first-column-wrapper column\">\n            <div class=\"heading\">\n                <p class=\"pre-headline\">Further<\/p>\n                                    <h2>information<\/h2>\n                            <\/div>\n            <div class=\"text-wrapper bold-text\">\n                <p><\/p>\n            <\/div>\n            <div class=\"button-wrapper\">\n                                    <a class=\"button-one bld-btn\" href=\"\/en\/technical-knowledge-of-facades\/\" target=\"\">\n                        + Technical knowledge                    <\/a><br\/>\n                                                    <a class=\"button-two bld-btn\" href=\"\/en\/project-advice\/\" target=\"\">\n                        + Planning service                    <\/a>\n                            <\/div>\n        <\/div>\n        <div class=\"other-columns column\">\n            <div class=\"text-wrapper\">\n                <p>The optimum structural properties of brick facades are a perfect match with modern economic and ecological requirements. The GIMA NF brick has proven itself to be an ideal construction material for facades: It is frost-resistant, resistant to acids and alkalis, non-fading, resistant to light and it also does not show signs of age. Instead, a patina forms on its surface and, as time goes by, it becomes increasingly attractive. Obtain a better insight into the subject of brick facades. What exactly happens in the firing process? What can be done to influence the color shades that bricks adopt? And how can GIMA assist me with project planning? Discover condensed expertise: through the planning process, the manufacturing process and our service concept.<\/p>\n            <\/div>\n        <\/div>\n        <div class=\"clearfix\"><\/div>\n        <div class=\"other-columns-mobile\">\n            <div class=\"text-wrapper\">\n                <p>The optimum structural properties of brick facades are a perfect match with modern economic and ecological requirements. The GIMA NF brick has proven itself to be an ideal construction material for facades: It is frost-resistant, resistant to acids and alkalis, non-fading, resistant to light and it also does not show signs of age. Instead, a patina forms on its surface and, as time goes by, it becomes increasingly attractive. Obtain a better insight into the subject of brick facades. What exactly happens in the firing process? What can be done to influence the color shades that bricks adopt? And how can GIMA assist me with project planning? Discover condensed expertise: through the planning process, the manufacturing process and our service concept.<\/p>\n            <\/div>\n            <div class=\"bld-btn\">Weiterlesen<\/div>\n        <\/div>\n        <div class=\"clearfix\"><\/div>\n    <\/div>\n\n    \n    <div class=\"spacer big\"><\/div>\n\n\n    [\/vc_column][\/vc_row][vc_section full_width=&#8221;stretch_row&#8221; el_class=&#8221;grey-section&#8221;][vc_row el_class=&#8221;btn-text&#8221;][vc_column][vc_column_text el_class=&#8221;bold-text big-text&#8221;]<\/p>\n<p style=\"text-align: center;\"><span>You will find more information in our <span style=\"text-decoration: underline;\"><a href=\"\/en\/download-order-portal\">download area<\/a><\/span>.<br \/>\nIf you have any questions, please do not hesitate to contact us at any time.<\/span><\/p>\n<p>[\/vc_column_text]\n    <div class=\"spacer medium\"><\/div>\n\n\n    \n    <div class=\"bld-position\" style=\"text-align: center\">\n        <a class=\"bld-btn\"            href=\"\/en\/contact\/\">+ Contact<\/a>\n    <\/div>\n\n\n\t[\/vc_column][\/vc_row][\/vc_section]<\/p>\n<\/div>","protected":false},"featured_media":657,"template":"","produktkategorie":[184],"class_list":["post-6204","produkte","type-produkte","status-publish","has-post-thumbnail","hentry","produktkategorie-bricks-and-facade"],"acf":[],"yoast_head":"<!-- This site is optimized with the Yoast SEO plugin v27.5 - https:\/\/yoast.com\/product\/yoast-seo-wordpress\/ -->\n<title>GIMA - Qualit\u00e4t aus Ton | Der NF Klinker<\/title>\n<meta name=\"description\" content=\"Hier sehen Sie eine \u00dcbersicht zu g\u00e4ngigen Formaten f\u00fcr Klinker NF &amp; DF sowie das Gewicht und den ungef\u00e4hren Bedarf pro Quadratmeter.\" \/>\n<meta name=\"robots\" content=\"index, follow, max-snippet:-1, max-image-preview:large, max-video-preview:-1\" \/>\n<link rel=\"canonical\" href=\"https:\/\/www.gima-ziegel.de\/en\/produkte\/nf-df-bricks\/\" \/>\n<meta property=\"og:locale\" content=\"en_US\" \/>\n<meta property=\"og:type\" content=\"article\" \/>\n<meta property=\"og:title\" content=\"GIMA - Qualit\u00e4t aus Ton | Der NF Klinker\" \/>\n<meta property=\"og:description\" content=\"Hier sehen Sie eine \u00dcbersicht zu g\u00e4ngigen Formaten f\u00fcr Klinker NF &amp; DF sowie das Gewicht und den ungef\u00e4hren Bedarf pro Quadratmeter.\" \/>\n<meta property=\"og:url\" content=\"https:\/\/www.gima-ziegel.de\/en\/produkte\/nf-df-bricks\/\" \/>\n<meta property=\"og:site_name\" content=\"Gima\" \/>\n<meta property=\"article:modified_time\" content=\"2025-02-27T10:22:09+00:00\" \/>\n<meta property=\"og:image\" content=\"https:\/\/www.gima-ziegel.de\/wp-content\/uploads\/0422-GIMA-I-PRODUKTE12443_Klinker-NF_Alexander-Bernhard_web_1.png\" \/>\n\t<meta property=\"og:image:width\" content=\"500\" \/>\n\t<meta property=\"og:image:height\" content=\"375\" \/>\n\t<meta property=\"og:image:type\" content=\"image\/png\" \/>\n<meta name=\"twitter:card\" content=\"summary_large_image\" \/>\n<meta name=\"twitter:label1\" content=\"Est. reading time\" \/>\n\t<meta name=\"twitter:data1\" content=\"4 minutes\" \/>\n<script type=\"application\/ld+json\" class=\"yoast-schema-graph\">{\"@context\":\"https:\\\/\\\/schema.org\",\"@graph\":[{\"@type\":\"WebPage\",\"@id\":\"https:\\\/\\\/www.gima-ziegel.de\\\/en\\\/produkte\\\/nf-df-bricks\\\/\",\"url\":\"https:\\\/\\\/www.gima-ziegel.de\\\/en\\\/produkte\\\/nf-df-bricks\\\/\",\"name\":\"GIMA - Qualit\u00e4t aus Ton | Der NF Klinker\",\"isPartOf\":{\"@id\":\"https:\\\/\\\/www.gima-ziegel.de\\\/en\\\/#website\"},\"primaryImageOfPage\":{\"@id\":\"https:\\\/\\\/www.gima-ziegel.de\\\/en\\\/produkte\\\/nf-df-bricks\\\/#primaryimage\"},\"image\":{\"@id\":\"https:\\\/\\\/www.gima-ziegel.de\\\/en\\\/produkte\\\/nf-df-bricks\\\/#primaryimage\"},\"thumbnailUrl\":\"https:\\\/\\\/www.gima-ziegel.de\\\/wp-content\\\/uploads\\\/0422-GIMA-I-PRODUKTE12443_Klinker-NF_Alexander-Bernhard_web_1.png\",\"datePublished\":\"2020-06-12T04:47:44+00:00\",\"dateModified\":\"2025-02-27T10:22:09+00:00\",\"description\":\"Hier sehen Sie eine \u00dcbersicht zu g\u00e4ngigen Formaten f\u00fcr Klinker NF & DF sowie das Gewicht und den ungef\u00e4hren Bedarf pro Quadratmeter.\",\"breadcrumb\":{\"@id\":\"https:\\\/\\\/www.gima-ziegel.de\\\/en\\\/produkte\\\/nf-df-bricks\\\/#breadcrumb\"},\"inLanguage\":\"en-US\",\"potentialAction\":[{\"@type\":\"ReadAction\",\"target\":[\"https:\\\/\\\/www.gima-ziegel.de\\\/en\\\/produkte\\\/nf-df-bricks\\\/\"]}]},{\"@type\":\"ImageObject\",\"inLanguage\":\"en-US\",\"@id\":\"https:\\\/\\\/www.gima-ziegel.de\\\/en\\\/produkte\\\/nf-df-bricks\\\/#primaryimage\",\"url\":\"https:\\\/\\\/www.gima-ziegel.de\\\/wp-content\\\/uploads\\\/0422-GIMA-I-PRODUKTE12443_Klinker-NF_Alexander-Bernhard_web_1.png\",\"contentUrl\":\"https:\\\/\\\/www.gima-ziegel.de\\\/wp-content\\\/uploads\\\/0422-GIMA-I-PRODUKTE12443_Klinker-NF_Alexander-Bernhard_web_1.png\",\"width\":500,\"height\":375,\"caption\":\"Alexander Bernhard\"},{\"@type\":\"BreadcrumbList\",\"@id\":\"https:\\\/\\\/www.gima-ziegel.de\\\/en\\\/produkte\\\/nf-df-bricks\\\/#breadcrumb\",\"itemListElement\":[{\"@type\":\"ListItem\",\"position\":1,\"name\":\"Startseite\",\"item\":\"https:\\\/\\\/www.gima-ziegel.de\\\/en\\\/\"},{\"@type\":\"ListItem\",\"position\":2,\"name\":\"NF &#038; DF bricks\"}]},{\"@type\":\"WebSite\",\"@id\":\"https:\\\/\\\/www.gima-ziegel.de\\\/en\\\/#website\",\"url\":\"https:\\\/\\\/www.gima-ziegel.de\\\/en\\\/\",\"name\":\"Gima\",\"description\":\"Qualit\u00e4t aus Ton\",\"potentialAction\":[{\"@type\":\"SearchAction\",\"target\":{\"@type\":\"EntryPoint\",\"urlTemplate\":\"https:\\\/\\\/www.gima-ziegel.de\\\/en\\\/?s={search_term_string}\"},\"query-input\":{\"@type\":\"PropertyValueSpecification\",\"valueRequired\":true,\"valueName\":\"search_term_string\"}}],\"inLanguage\":\"en-US\"}]}<\/script>\n<!-- \/ Yoast SEO plugin. -->","yoast_head_json":{"title":"GIMA - Qualit\u00e4t aus Ton | Der NF Klinker","description":"Hier sehen Sie eine \u00dcbersicht zu g\u00e4ngigen Formaten f\u00fcr Klinker NF & DF sowie das Gewicht und den ungef\u00e4hren Bedarf pro Quadratmeter.","robots":{"index":"index","follow":"follow","max-snippet":"max-snippet:-1","max-image-preview":"max-image-preview:large","max-video-preview":"max-video-preview:-1"},"canonical":"https:\/\/www.gima-ziegel.de\/en\/produkte\/nf-df-bricks\/","og_locale":"en_US","og_type":"article","og_title":"GIMA - Qualit\u00e4t aus Ton | Der NF Klinker","og_description":"Hier sehen Sie eine \u00dcbersicht zu g\u00e4ngigen Formaten f\u00fcr Klinker NF & DF sowie das Gewicht und den ungef\u00e4hren Bedarf pro Quadratmeter.","og_url":"https:\/\/www.gima-ziegel.de\/en\/produkte\/nf-df-bricks\/","og_site_name":"Gima","article_modified_time":"2025-02-27T10:22:09+00:00","og_image":[{"width":500,"height":375,"url":"https:\/\/www.gima-ziegel.de\/wp-content\/uploads\/0422-GIMA-I-PRODUKTE12443_Klinker-NF_Alexander-Bernhard_web_1.png","type":"image\/png"}],"twitter_card":"summary_large_image","twitter_misc":{"Est. reading time":"4 minutes"},"schema":{"@context":"https:\/\/schema.org","@graph":[{"@type":"WebPage","@id":"https:\/\/www.gima-ziegel.de\/en\/produkte\/nf-df-bricks\/","url":"https:\/\/www.gima-ziegel.de\/en\/produkte\/nf-df-bricks\/","name":"GIMA - Qualit\u00e4t aus Ton | Der NF Klinker","isPartOf":{"@id":"https:\/\/www.gima-ziegel.de\/en\/#website"},"primaryImageOfPage":{"@id":"https:\/\/www.gima-ziegel.de\/en\/produkte\/nf-df-bricks\/#primaryimage"},"image":{"@id":"https:\/\/www.gima-ziegel.de\/en\/produkte\/nf-df-bricks\/#primaryimage"},"thumbnailUrl":"https:\/\/www.gima-ziegel.de\/wp-content\/uploads\/0422-GIMA-I-PRODUKTE12443_Klinker-NF_Alexander-Bernhard_web_1.png","datePublished":"2020-06-12T04:47:44+00:00","dateModified":"2025-02-27T10:22:09+00:00","description":"Hier sehen Sie eine \u00dcbersicht zu g\u00e4ngigen Formaten f\u00fcr Klinker NF & DF sowie das Gewicht und den ungef\u00e4hren Bedarf pro Quadratmeter.","breadcrumb":{"@id":"https:\/\/www.gima-ziegel.de\/en\/produkte\/nf-df-bricks\/#breadcrumb"},"inLanguage":"en-US","potentialAction":[{"@type":"ReadAction","target":["https:\/\/www.gima-ziegel.de\/en\/produkte\/nf-df-bricks\/"]}]},{"@type":"ImageObject","inLanguage":"en-US","@id":"https:\/\/www.gima-ziegel.de\/en\/produkte\/nf-df-bricks\/#primaryimage","url":"https:\/\/www.gima-ziegel.de\/wp-content\/uploads\/0422-GIMA-I-PRODUKTE12443_Klinker-NF_Alexander-Bernhard_web_1.png","contentUrl":"https:\/\/www.gima-ziegel.de\/wp-content\/uploads\/0422-GIMA-I-PRODUKTE12443_Klinker-NF_Alexander-Bernhard_web_1.png","width":500,"height":375,"caption":"Alexander Bernhard"},{"@type":"BreadcrumbList","@id":"https:\/\/www.gima-ziegel.de\/en\/produkte\/nf-df-bricks\/#breadcrumb","itemListElement":[{"@type":"ListItem","position":1,"name":"Startseite","item":"https:\/\/www.gima-ziegel.de\/en\/"},{"@type":"ListItem","position":2,"name":"NF &#038; DF bricks"}]},{"@type":"WebSite","@id":"https:\/\/www.gima-ziegel.de\/en\/#website","url":"https:\/\/www.gima-ziegel.de\/en\/","name":"Gima","description":"Qualit\u00e4t aus Ton","potentialAction":[{"@type":"SearchAction","target":{"@type":"EntryPoint","urlTemplate":"https:\/\/www.gima-ziegel.de\/en\/?s={search_term_string}"},"query-input":{"@type":"PropertyValueSpecification","valueRequired":true,"valueName":"search_term_string"}}],"inLanguage":"en-US"}]}},"_links":{"self":[{"href":"https:\/\/www.gima-ziegel.de\/en\/wp-json\/wp\/v2\/produkte\/6204","targetHints":{"allow":["GET"]}}],"collection":[{"href":"https:\/\/www.gima-ziegel.de\/en\/wp-json\/wp\/v2\/produkte"}],"about":[{"href":"https:\/\/www.gima-ziegel.de\/en\/wp-json\/wp\/v2\/types\/produkte"}],"wp:featuredmedia":[{"embeddable":true,"href":"https:\/\/www.gima-ziegel.de\/en\/wp-json\/wp\/v2\/media\/657"}],"wp:attachment":[{"href":"https:\/\/www.gima-ziegel.de\/en\/wp-json\/wp\/v2\/media?parent=6204"}],"wp:term":[{"taxonomy":"produktkategorie","embeddable":true,"href":"https:\/\/www.gima-ziegel.de\/en\/wp-json\/wp\/v2\/produktkategorie?post=6204"}],"curies":[{"name":"wp","href":"https:\/\/api.w.org\/{rel}","templated":true}]}}